{"id":25982701,"date":"2025-03-04T08:52:32","date_gmt":"2025-03-04T07:52:32","guid":{"rendered":"https:\/\/www.workflow.at\/?page_id=25982701"},"modified":"2025-10-28T09:17:06","modified_gmt":"2025-10-28T08:17:06","slug":"aktuelles","status":"publish","type":"page","link":"https:\/\/www.workflow.at\/en\/aktuelles\/","title":{"rendered":"News"},"content":{"rendered":"<div data-elementor-type=\"wp-page\" data-elementor-id=\"25982701\" class=\"elementor elementor-25982701\" data-elementor-settings=\"{&quot;element_pack_global_tooltip_width&quot;:{&quot;unit&quot;:&quot;px&quot;,&quot;size&quot;:&quot;&quot;,&quot;sizes&quot;:[]},&quot;element_pack_global_tooltip_width_tablet&quot;:{&quot;unit&quot;:&quot;px&quot;,&quot;size&quot;:&quot;&quot;,&quot;sizes&quot;:[]},&quot;element_pack_global_tooltip_width_mobile&quot;:{&quot;unit&quot;:&quot;px&quot;,&quot;size&quot;:&quot;&quot;,&quot;sizes&quot;:[]},&quot;element_pack_global_tooltip_padding&quot;:{&quot;unit&quot;:&quot;px&quot;,&quot;top&quot;:&quot;&quot;,&quot;right&quot;:&quot;&quot;,&quot;bottom&quot;:&quot;&quot;,&quot;left&quot;:&quot;&quot;,&quot;isLinked&quot;:true},&quot;element_pack_global_tooltip_padding_tablet&quot;:{&quot;unit&quot;:&quot;px&quot;,&quot;top&quot;:&quot;&quot;,&quot;right&quot;:&quot;&quot;,&quot;bottom&quot;:&quot;&quot;,&quot;left&quot;:&quot;&quot;,&quot;isLinked&quot;:true},&quot;element_pack_global_tooltip_padding_mobile&quot;:{&quot;unit&quot;:&quot;px&quot;,&quot;top&quot;:&quot;&quot;,&quot;right&quot;:&quot;&quot;,&quot;bottom&quot;:&quot;&quot;,&quot;left&quot;:&quot;&quot;,&quot;isLinked&quot;:true},&quot;element_pack_global_tooltip_border_radius&quot;:{&quot;unit&quot;:&quot;px&quot;,&quot;top&quot;:&quot;&quot;,&quot;right&quot;:&quot;&quot;,&quot;bottom&quot;:&quot;&quot;,&quot;left&quot;:&quot;&quot;,&quot;isLinked&quot;:true},&quot;element_pack_global_tooltip_border_radius_tablet&quot;:{&quot;unit&quot;:&quot;px&quot;,&quot;top&quot;:&quot;&quot;,&quot;right&quot;:&quot;&quot;,&quot;bottom&quot;:&quot;&quot;,&quot;left&quot;:&quot;&quot;,&quot;isLinked&quot;:true},&quot;element_pack_global_tooltip_border_radius_mobile&quot;:{&quot;unit&quot;:&quot;px&quot;,&quot;top&quot;:&quot;&quot;,&quot;right&quot;:&quot;&quot;,&quot;bottom&quot;:&quot;&quot;,&quot;left&quot;:&quot;&quot;,&quot;isLinked&quot;:true}}\">\n\t\t\t\t\t\t<div class=\"elementor-section elementor-top-section elementor-element elementor-element-18beb02 elementor-section-height-min-height elementor-reverse-mobile elementor-section-boxed elementor-section-height-default elementor-section-items-middle\" data-id=\"18beb02\" data-element_type=\"section\" data-e-type=\"section\">\n\t\t\t\t\t\t<div class=\"elementor-container elementor-column-gap-no\">\n\t\t\t\t\t<div class=\"elementor-column elementor-col-100 elementor-top-column elementor-element elementor-element-52eb2b1\" data-id=\"52eb2b1\" data-element_type=\"column\" data-e-type=\"column\" data-settings=\"{&quot;animation&quot;:&quot;none&quot;}\">\n\t\t\t<div class=\"elementor-widget-wrap elementor-element-populated\">\n\t\t\t\t\t\t<div class=\"elementor-element elementor-element-787c490 elementor-widget elementor-widget-heading\" data-id=\"787c490\" data-element_type=\"widget\" data-e-type=\"widget\" data-settings=\"{&quot;_animation&quot;:&quot;none&quot;,&quot;_animation_delay&quot;:&quot;160&quot;}\" data-widget_type=\"heading.default\">\n\t\t\t\t<div class=\"elementor-widget-container\">\n\t\t\t\t\t<h1 class=\"elementor-heading-title elementor-size-default\">News<\/h1>\t\t\t\t<\/div>\n\t\t\t\t<\/div>\n\t\t\t\t\t<\/div>\n\t\t<\/div>\n\t\t\t\t\t<\/div>\n\t\t<\/div>\n\t\t<div class=\"elementor-element elementor-element-dc59b44 e-flex e-con-boxed e-con e-parent\" data-id=\"dc59b44\" data-element_type=\"container\" data-e-type=\"container\">\n\t\t\t\t\t<div class=\"e-con-inner\">\n\t\t\t\t<div class=\"elementor-element elementor-element-b8f0c52 elementor-widget__width-inherit bdt-custom-gallery-skin-fedara-style-center elementor-widget elementor-widget-bdt-post-gallery\" data-id=\"b8f0c52\" data-element_type=\"widget\" data-e-type=\"widget\" data-settings=\"{&quot;columns&quot;:&quot;3&quot;,&quot;columns_tablet&quot;:&quot;2&quot;,&quot;columns_mobile&quot;:&quot;1&quot;}\" data-widget_type=\"bdt-post-gallery.bdt-abetis\">\n\t\t\t\t<div class=\"elementor-widget-container\">\n\t\t\t\t\t\t\t<div class=\"bdt-post-gallery-wrapper\" data-bdt-filter=\"target: #bdt-post-galleryb8f0c52\">\n\n\t\t\t\t\t<div id=\"bdt-post-gallery-b8f0c52\" class=\"bdt-ep-grid-filters-wrapper\" data-hash-settings=\"{&quot;id&quot;:&quot;#bdt-post-gallery-b8f0c52&quot;,&quot;activeHash&quot;:true}\">\n\n\t\t\t<button class=\"bdt-button bdt-button-default bdt-hidden@m\" type=\"button\">\n\t\t\t\t\t\t\t\t\tFilter\t\t\t\t\t\t\t<\/button>\n\n\t\t\t<div data-bdt-dropdown=\"mode: click;\" class=\"bdt-dropdown bdt-margin-remove-top bdt-margin-remove-bottom bdt-drop\">\n\t\t\t\t<ul class=\"bdt-nav bdt-dropdown-nav\">\n\n\t\t\t\t\t\t\t\t\t\t\t<li class=\"bdt-active\" data-bdt-filter-control>\n\t\t\t\t\t\t\t<a href=\"#\">\n\t\t\t\t\t\t\t\tAll\t\t\t\t\t\t\t<\/a>\n\t\t\t\t\t\t<\/li>\n\t\t\t\t\t\n\t\t\t\t\t\t\t\t\t\t\t<li class=\"\" data-bdt-target=\"allgemein\"\n\t\t\t\t\t\t\tdata-bdt-filter-control=\"[data-filter*='allgemein']\">\n\t\t\t\t\t\t\t<a href=\"#\">\n\t\t\t\t\t\t\t\tGeneral\t\t\t\t\t\t\t<\/a>\n\t\t\t\t\t\t<\/li>\n\t\t\t\t\t\t\t\t\t\t\t<li class=\"\" data-bdt-target=\"events\"\n\t\t\t\t\t\t\tdata-bdt-filter-control=\"[data-filter*='events']\">\n\t\t\t\t\t\t\t<a href=\"#\">\n\t\t\t\t\t\t\t\tEvents\t\t\t\t\t\t\t<\/a>\n\t\t\t\t\t\t<\/li>\n\t\t\t\t\t\t\t\t\t\t\t<li class=\"\" data-bdt-target=\"jobs\"\n\t\t\t\t\t\t\tdata-bdt-filter-control=\"[data-filter*='jobs']\">\n\t\t\t\t\t\t\t<a href=\"#\">\n\t\t\t\t\t\t\t\tJobs\t\t\t\t\t\t\t<\/a>\n\t\t\t\t\t\t<\/li>\n\t\t\t\t\t\t\t\t\t\t\t<li class=\"\" data-bdt-target=\"offene-stellen\"\n\t\t\t\t\t\t\tdata-bdt-filter-control=\"[data-filter*='offene-stellen']\">\n\t\t\t\t\t\t\t<a href=\"#\">\n\t\t\t\t\t\t\t\tOpen positions\t\t\t\t\t\t\t<\/a>\n\t\t\t\t\t\t<\/li>\n\t\t\t\t\t\t\t\t\t\t\t<li class=\"\" data-bdt-target=\"reisekosten\"\n\t\t\t\t\t\t\tdata-bdt-filter-control=\"[data-filter*='reisekosten']\">\n\t\t\t\t\t\t\t<a href=\"#\">\n\t\t\t\t\t\t\t\tTravel expenses\t\t\t\t\t\t\t<\/a>\n\t\t\t\t\t\t<\/li>\n\t\t\t\t\t\t\t\t\t\t\t<li class=\"\" data-bdt-target=\"zeiterfassung\"\n\t\t\t\t\t\t\tdata-bdt-filter-control=\"[data-filter*='zeiterfassung']\">\n\t\t\t\t\t\t\t<a href=\"#\">\n\t\t\t\t\t\t\t\tTime tracking\t\t\t\t\t\t\t<\/a>\n\t\t\t\t\t\t<\/li>\n\t\t\t\t\t\n\t\t\t\t<\/ul>\n\t\t\t<\/div>\n\n\t\t\t<ul id=\"bdt-ep-grid-filtersb8f0c52\" class=\"bdt-ep-grid-filters bdt-visible@m\"\n\t\t\t\tdata-bdt-margin>\n\t\t\t\t<li class=\"bdt-ep-grid-filter bdt-active\" data-bdt-filter-control>\n\t\t\t\t\t\t\t\t\t\t\t<a href=\"javascript:void(0);\">\n\t\t\t\t\t\t\tAll\t\t\t\t\t\t<\/a>\n\t\t\t\t\t\t\t\t\t<\/li>\n\n\t\t\t\t\t\t\t\t\t<li class=\"bdt-ep-grid-filter\" data-bdt-target=\"allgemein\"\n\t\t\t\t\t\tdata-bdt-filter-control=\"[data-filter*='allgemein']\">\n\t\t\t\t\t\t<a href=\"javascript:void(0);\">\n\t\t\t\t\t\t\tGeneral\t\t\t\t\t\t<\/a>\n\t\t\t\t\t<\/li>\n\t\t\t\t\t\t\t\t\t<li class=\"bdt-ep-grid-filter\" data-bdt-target=\"events\"\n\t\t\t\t\t\tdata-bdt-filter-control=\"[data-filter*='events']\">\n\t\t\t\t\t\t<a href=\"javascript:void(0);\">\n\t\t\t\t\t\t\tEvents\t\t\t\t\t\t<\/a>\n\t\t\t\t\t<\/li>\n\t\t\t\t\t\t\t\t\t<li class=\"bdt-ep-grid-filter\" data-bdt-target=\"jobs\"\n\t\t\t\t\t\tdata-bdt-filter-control=\"[data-filter*='jobs']\">\n\t\t\t\t\t\t<a href=\"javascript:void(0);\">\n\t\t\t\t\t\t\tJobs\t\t\t\t\t\t<\/a>\n\t\t\t\t\t<\/li>\n\t\t\t\t\t\t\t\t\t<li class=\"bdt-ep-grid-filter\" data-bdt-target=\"offene-stellen\"\n\t\t\t\t\t\tdata-bdt-filter-control=\"[data-filter*='offene-stellen']\">\n\t\t\t\t\t\t<a href=\"javascript:void(0);\">\n\t\t\t\t\t\t\tOpen positions\t\t\t\t\t\t<\/a>\n\t\t\t\t\t<\/li>\n\t\t\t\t\t\t\t\t\t<li class=\"bdt-ep-grid-filter\" data-bdt-target=\"reisekosten\"\n\t\t\t\t\t\tdata-bdt-filter-control=\"[data-filter*='reisekosten']\">\n\t\t\t\t\t\t<a href=\"javascript:void(0);\">\n\t\t\t\t\t\t\tTravel expenses\t\t\t\t\t\t<\/a>\n\t\t\t\t\t<\/li>\n\t\t\t\t\t\t\t\t\t<li class=\"bdt-ep-grid-filter\" data-bdt-target=\"zeiterfassung\"\n\t\t\t\t\t\tdata-bdt-filter-control=\"[data-filter*='zeiterfassung']\">\n\t\t\t\t\t\t<a href=\"javascript:void(0);\">\n\t\t\t\t\t\t\tTime tracking\t\t\t\t\t\t<\/a>\n\t\t\t\t\t<\/li>\n\t\t\t\t\t\t\t<\/ul>\n\t\t<\/div>\n\t\t\t\t\t<div id=\"bdt-post-galleryb8f0c52\" class=\"bdt-post-gallery bdt-ep-grid-filter-container bdt-post-gallery-skin-abetis bdt-grid bdt-grid-medium\" data-bdt-grid=\"\" data-settings=\"{&quot;id&quot;:&quot;#bdt-post-galleryb8f0c52&quot;,&quot;tiltShow&quot;:false}\">\n\n\t\t\t\t\t\t<div class=\"bdt-gallery-item bdt-transition-toggle bdt-width-1-1 bdt-width-1-2@s bdt-width-1-3@m\" data-filter=\"allgemein\">\n\t\t\t<div class=\"bdt-post-gallery-inner\">\n\t\t\t\t\t\t<div class=\"bdt-gallery-thumbnail\">\n\t\t\t<img fetchpriority=\"high\" decoding=\"async\" width=\"300\" height=\"225\" src=\"https:\/\/www.workflow.at\/wp-content\/uploads\/2025\/04\/Workflow_Zeiterfassung_Bild-1-300x225.png\" class=\"attachment-medium size-medium\" alt=\"HR Business Partner &#8211; so schafft Digitalisierung Freiraum\" srcset=\"https:\/\/www.workflow.at\/wp-content\/uploads\/2025\/04\/Workflow_Zeiterfassung_Bild-1-300x225.png 300w, https:\/\/www.workflow.at\/wp-content\/uploads\/2025\/04\/Workflow_Zeiterfassung_Bild-1-1024x770.png 1024w, https:\/\/www.workflow.at\/wp-content\/uploads\/2025\/04\/Workflow_Zeiterfassung_Bild-1-768x577.png 768w, https:\/\/www.workflow.at\/wp-content\/uploads\/2025\/04\/Workflow_Zeiterfassung_Bild-1-16x12.png 16w, https:\/\/www.workflow.at\/wp-content\/uploads\/2025\/04\/Workflow_Zeiterfassung_Bild-1-650x489.png 650w, https:\/\/www.workflow.at\/wp-content\/uploads\/2025\/04\/Workflow_Zeiterfassung_Bild-1.png 1296w\" sizes=\"(max-width: 300px) 100vw, 300px\" \/>\t\t<\/div>\n\t\t\t\t<div class=\"bdt-position-cover bdt-overlay bdt-overlay-default\">\n\t\t\t<div class=\"bdt-post-gallery-content\">\n\t\t\t\t<div class=\"bdt-gallery-content-inner\">\n\t\t\t\t\t\t\t\t\t<\/div>\n\t\t\t<\/div>\n\t\t<\/div>\n\t\t\t\t\t<\/div>\n\t\t\t\t\t<div class=\"bdt-post-gallery-skin-abetis-desc bdt-padding-small\">\n\t\t\t\t\t<a href=\"https:\/\/www.workflow.at\/en\/hr-business-partner-so-schafft-digitalisierung-freiraum-fuer-strategie\/\" >\n\t\t\t<h4 class=\"bdt-gallery-item-title bdt-margin-remove\">\n\t\t\t\tHR Business Partner &#8211; so schafft Digitalisierung Freiraum\t\t\t<\/h4>\n\t\t<\/a>\n\t\t\n\t\t<\/div>\n\t\t\t\t<\/div>\n\n\t\t\t\t<div class=\"bdt-gallery-item bdt-transition-toggle bdt-width-1-1 bdt-width-1-2@s bdt-width-1-3@m\" data-filter=\"allgemein reisekosten\">\n\t\t\t<div class=\"bdt-post-gallery-inner\">\n\t\t\t\t\t\t<div class=\"bdt-gallery-thumbnail bdt-gallery-thumbnail\">\n\t\t\t<img decoding=\"async\" width=\"300\" height=\"225\" src=\"https:\/\/www.workflow.at\/wp-content\/uploads\/2025\/04\/Workflow_Reisekosten_Bild-2-300x225.png\" class=\"attachment-medium size-medium\" alt=\"On Premise Reisekostenabrechnung &#8211; wann sinnvoll?\" srcset=\"https:\/\/www.workflow.at\/wp-content\/uploads\/2025\/04\/Workflow_Reisekosten_Bild-2-300x225.png 300w, https:\/\/www.workflow.at\/wp-content\/uploads\/2025\/04\/Workflow_Reisekosten_Bild-2-1024x770.png 1024w, https:\/\/www.workflow.at\/wp-content\/uploads\/2025\/04\/Workflow_Reisekosten_Bild-2-768x577.png 768w, https:\/\/www.workflow.at\/wp-content\/uploads\/2025\/04\/Workflow_Reisekosten_Bild-2-16x12.png 16w, https:\/\/www.workflow.at\/wp-content\/uploads\/2025\/04\/Workflow_Reisekosten_Bild-2-650x489.png 650w, https:\/\/www.workflow.at\/wp-content\/uploads\/2025\/04\/Workflow_Reisekosten_Bild-2.png 1296w\" sizes=\"(max-width: 300px) 100vw, 300px\" \/>\t\t<\/div>\n\t\t\t\t<div class=\"bdt-position-cover bdt-overlay bdt-overlay-default\">\n\t\t\t<div class=\"bdt-post-gallery-content\">\n\t\t\t\t<div class=\"bdt-gallery-content-inner\">\n\t\t\t\t\t\t\t\t\t<\/div>\n\t\t\t<\/div>\n\t\t<\/div>\n\t\t\t\t\t<\/div>\n\t\t\t\t\t<div class=\"bdt-post-gallery-skin-abetis-desc bdt-padding-small\">\n\t\t\t\t\t<a href=\"https:\/\/www.workflow.at\/en\/on-premise-reisekostenabrechnung-wann-sinnvoll\/\" >\n\t\t\t<h4 class=\"bdt-gallery-item-title bdt-margin-remove\">\n\t\t\t\tOn Premise Reisekostenabrechnung &#8211; wann sinnvoll?\t\t\t<\/h4>\n\t\t<\/a>\n\t\t\n\t\t<\/div>\n\t\t\t\t<\/div>\n\n\t\t\t\t<div class=\"bdt-gallery-item bdt-transition-toggle bdt-width-1-1 bdt-width-1-2@s bdt-width-1-3@m\" data-filter=\"allgemein zeiterfassung\">\n\t\t\t<div class=\"bdt-post-gallery-inner\">\n\t\t\t\t\t\t<div class=\"bdt-gallery-thumbnail bdt-gallery-thumbnail bdt-gallery-thumbnail\">\n\t\t\t<img decoding=\"async\" width=\"300\" height=\"200\" src=\"https:\/\/www.workflow.at\/wp-content\/uploads\/2025\/06\/Workflow-HR_2025_Final-32-300x200.jpg\" class=\"attachment-medium size-medium\" alt=\"Digitale Zeiterfassung als unverzichtbarer HR-Prozess\" srcset=\"https:\/\/www.workflow.at\/wp-content\/uploads\/2025\/06\/Workflow-HR_2025_Final-32-300x200.jpg 300w, https:\/\/www.workflow.at\/wp-content\/uploads\/2025\/06\/Workflow-HR_2025_Final-32-1024x683.jpg 1024w, https:\/\/www.workflow.at\/wp-content\/uploads\/2025\/06\/Workflow-HR_2025_Final-32-768x512.jpg 768w, https:\/\/www.workflow.at\/wp-content\/uploads\/2025\/06\/Workflow-HR_2025_Final-32-1536x1024.jpg 1536w, https:\/\/www.workflow.at\/wp-content\/uploads\/2025\/06\/Workflow-HR_2025_Final-32-2048x1365.jpg 2048w, https:\/\/www.workflow.at\/wp-content\/uploads\/2025\/06\/Workflow-HR_2025_Final-32-18x12.jpg 18w, https:\/\/www.workflow.at\/wp-content\/uploads\/2025\/06\/Workflow-HR_2025_Final-32-650x433.jpg 650w\" sizes=\"(max-width: 300px) 100vw, 300px\" \/>\t\t<\/div>\n\t\t\t\t<div class=\"bdt-position-cover bdt-overlay bdt-overlay-default\">\n\t\t\t<div class=\"bdt-post-gallery-content\">\n\t\t\t\t<div class=\"bdt-gallery-content-inner\">\n\t\t\t\t\t\t\t\t\t<\/div>\n\t\t\t<\/div>\n\t\t<\/div>\n\t\t\t\t\t<\/div>\n\t\t\t\t\t<div class=\"bdt-post-gallery-skin-abetis-desc bdt-padding-small\">\n\t\t\t\t\t<a href=\"https:\/\/www.workflow.at\/en\/digitale-zeiterfassung-als-unverzichtbarer-bestandteil-moderner-hr-prozesse\/\" >\n\t\t\t<h4 class=\"bdt-gallery-item-title bdt-margin-remove\">\n\t\t\t\tDigital time recording as an indispensable HR process\t\t\t<\/h4>\n\t\t<\/a>\n\t\t\n\t\t<\/div>\n\t\t\t\t<\/div>\n\n\t\t\t\t<div class=\"bdt-gallery-item bdt-transition-toggle bdt-width-1-1 bdt-width-1-2@s bdt-width-1-3@m\" data-filter=\"allgemein\">\n\t\t\t<div class=\"bdt-post-gallery-inner\">\n\t\t\t\t\t\t<div class=\"bdt-gallery-thumbnail bdt-gallery-thumbnail bdt-gallery-thumbnail bdt-gallery-thumbnail\">\n\t\t\t<img loading=\"lazy\" decoding=\"async\" width=\"1\" height=\"1\" src=\"https:\/\/www.workflow.at\/wp-content\/uploads\/2025\/04\/Personalwolke_final-41-2048x1365-1.avif\" class=\"attachment-medium size-medium\" alt=\"Interkulturelles Personalmanagement\" \/>\t\t<\/div>\n\t\t\t\t<div class=\"bdt-position-cover bdt-overlay bdt-overlay-default\">\n\t\t\t<div class=\"bdt-post-gallery-content\">\n\t\t\t\t<div class=\"bdt-gallery-content-inner\">\n\t\t\t\t\t\t\t\t\t<\/div>\n\t\t\t<\/div>\n\t\t<\/div>\n\t\t\t\t\t<\/div>\n\t\t\t\t\t<div class=\"bdt-post-gallery-skin-abetis-desc bdt-padding-small\">\n\t\t\t\t\t<a href=\"https:\/\/www.workflow.at\/en\/interkulturelles-personalmanagement\/\" >\n\t\t\t<h4 class=\"bdt-gallery-item-title bdt-margin-remove\">\n\t\t\t\tIntercultural personnel management\t\t\t<\/h4>\n\t\t<\/a>\n\t\t\n\t\t<\/div>\n\t\t\t\t<\/div>\n\n\t\t\t\t<div class=\"bdt-gallery-item bdt-transition-toggle bdt-width-1-1 bdt-width-1-2@s bdt-width-1-3@m\" data-filter=\"allgemein\">\n\t\t\t<div class=\"bdt-post-gallery-inner\">\n\t\t\t\t\t\t<div class=\"bdt-gallery-thumbnail bdt-gallery-thumbnail bdt-gallery-thumbnail bdt-gallery-thumbnail bdt-gallery-thumbnail\">\n\t\t\t<img loading=\"lazy\" decoding=\"async\" width=\"300\" height=\"200\" src=\"https:\/\/www.workflow.at\/wp-content\/uploads\/2025\/04\/Personalwolke_Final_T1_20-300x200.jpg\" class=\"attachment-medium size-medium\" alt=\"Gesundheitspr\u00e4vention und Stressmanagement bei Bildschirmarbeit: Effektive Ma\u00dfnahmen f\u00fcr Ihr Unternehmen\" srcset=\"https:\/\/www.workflow.at\/wp-content\/uploads\/2025\/04\/Personalwolke_Final_T1_20-300x200.jpg 300w, https:\/\/www.workflow.at\/wp-content\/uploads\/2025\/04\/Personalwolke_Final_T1_20-1024x683.jpg 1024w, https:\/\/www.workflow.at\/wp-content\/uploads\/2025\/04\/Personalwolke_Final_T1_20-768x512.jpg 768w, https:\/\/www.workflow.at\/wp-content\/uploads\/2025\/04\/Personalwolke_Final_T1_20-1536x1024.jpg 1536w, https:\/\/www.workflow.at\/wp-content\/uploads\/2025\/04\/Personalwolke_Final_T1_20-2048x1365.jpg 2048w, https:\/\/www.workflow.at\/wp-content\/uploads\/2025\/04\/Personalwolke_Final_T1_20-18x12.jpg 18w, https:\/\/www.workflow.at\/wp-content\/uploads\/2025\/04\/Personalwolke_Final_T1_20-650x433.jpg 650w\" sizes=\"(max-width: 300px) 100vw, 300px\" \/>\t\t<\/div>\n\t\t\t\t<div class=\"bdt-position-cover bdt-overlay bdt-overlay-default\">\n\t\t\t<div class=\"bdt-post-gallery-content\">\n\t\t\t\t<div class=\"bdt-gallery-content-inner\">\n\t\t\t\t\t\t\t\t\t<\/div>\n\t\t\t<\/div>\n\t\t<\/div>\n\t\t\t\t\t<\/div>\n\t\t\t\t\t<div class=\"bdt-post-gallery-skin-abetis-desc bdt-padding-small\">\n\t\t\t\t\t<a href=\"https:\/\/www.workflow.at\/en\/gesundheitspraevention-und-stressmanagement-bei-bildschirmarbeit-effektive-massnahmen-fuer-ihr-unternehmen\/\" >\n\t\t\t<h4 class=\"bdt-gallery-item-title bdt-margin-remove\">\n\t\t\t\tHealth prevention and stress management for VDU work: effective measures for your company\t\t\t<\/h4>\n\t\t<\/a>\n\t\t\n\t\t<\/div>\n\t\t\t\t<\/div>\n\n\t\t\t\t<div class=\"bdt-gallery-item bdt-transition-toggle bdt-width-1-1 bdt-width-1-2@s bdt-width-1-3@m\" data-filter=\"allgemein zeiterfassung\">\n\t\t\t<div class=\"bdt-post-gallery-inner\">\n\t\t\t\t\t\t<div class=\"bdt-gallery-thumbnail bdt-gallery-thumbnail bdt-gallery-thumbnail bdt-gallery-thumbnail bdt-gallery-thumbnail bdt-gallery-thumbnail\">\n\t\t\t<img loading=\"lazy\" decoding=\"async\" width=\"300\" height=\"200\" src=\"https:\/\/www.workflow.at\/wp-content\/uploads\/2025\/04\/Workflow-HR_2025_Final-48-300x200.jpg\" class=\"attachment-medium size-medium\" alt=\"\u00c4nderungen in der Feiertagsarbeitsverg\u00fctung\" srcset=\"https:\/\/www.workflow.at\/wp-content\/uploads\/2025\/04\/Workflow-HR_2025_Final-48-300x200.jpg 300w, https:\/\/www.workflow.at\/wp-content\/uploads\/2025\/04\/Workflow-HR_2025_Final-48-1024x683.jpg 1024w, https:\/\/www.workflow.at\/wp-content\/uploads\/2025\/04\/Workflow-HR_2025_Final-48-768x512.jpg 768w, https:\/\/www.workflow.at\/wp-content\/uploads\/2025\/04\/Workflow-HR_2025_Final-48-1536x1024.jpg 1536w, https:\/\/www.workflow.at\/wp-content\/uploads\/2025\/04\/Workflow-HR_2025_Final-48-2048x1365.jpg 2048w, https:\/\/www.workflow.at\/wp-content\/uploads\/2025\/04\/Workflow-HR_2025_Final-48-18x12.jpg 18w, https:\/\/www.workflow.at\/wp-content\/uploads\/2025\/04\/Workflow-HR_2025_Final-48-650x433.jpg 650w\" sizes=\"(max-width: 300px) 100vw, 300px\" \/>\t\t<\/div>\n\t\t\t\t<div class=\"bdt-position-cover bdt-overlay bdt-overlay-default\">\n\t\t\t<div class=\"bdt-post-gallery-content\">\n\t\t\t\t<div class=\"bdt-gallery-content-inner\">\n\t\t\t\t\t\t\t\t\t<\/div>\n\t\t\t<\/div>\n\t\t<\/div>\n\t\t\t\t\t<\/div>\n\t\t\t\t\t<div class=\"bdt-post-gallery-skin-abetis-desc bdt-padding-small\">\n\t\t\t\t\t<a href=\"https:\/\/www.workflow.at\/en\/aenderungen-in-der-feiertagsarbeitsverguetung\/\" >\n\t\t\t<h4 class=\"bdt-gallery-item-title bdt-margin-remove\">\n\t\t\t\tChanges to public holiday pay\t\t\t<\/h4>\n\t\t<\/a>\n\t\t\n\t\t<\/div>\n\t\t\t\t<\/div>\n\n\t\t\t\t<div class=\"bdt-gallery-item bdt-transition-toggle bdt-width-1-1 bdt-width-1-2@s bdt-width-1-3@m\" data-filter=\"allgemein reisekosten\">\n\t\t\t<div class=\"bdt-post-gallery-inner\">\n\t\t\t\t\t\t<div class=\"bdt-gallery-thumbnail bdt-gallery-thumbnail bdt-gallery-thumbnail bdt-gallery-thumbnail bdt-gallery-thumbnail bdt-gallery-thumbnail bdt-gallery-thumbnail\">\n\t\t\t<img loading=\"lazy\" decoding=\"async\" width=\"300\" height=\"200\" src=\"https:\/\/www.workflow.at\/wp-content\/uploads\/2025\/03\/Dienstreisekostenabrechnung-1-300x200.png\" class=\"attachment-medium size-medium\" alt=\"Dienstreisekostenabrechnung: Effiziente Abwicklung und digitale L\u00f6sungen\" srcset=\"https:\/\/www.workflow.at\/wp-content\/uploads\/2025\/03\/Dienstreisekostenabrechnung-1-300x200.png 300w, https:\/\/www.workflow.at\/wp-content\/uploads\/2025\/03\/Dienstreisekostenabrechnung-1-1024x683.png 1024w, https:\/\/www.workflow.at\/wp-content\/uploads\/2025\/03\/Dienstreisekostenabrechnung-1-768x512.png 768w, https:\/\/www.workflow.at\/wp-content\/uploads\/2025\/03\/Dienstreisekostenabrechnung-1-18x12.png 18w, https:\/\/www.workflow.at\/wp-content\/uploads\/2025\/03\/Dienstreisekostenabrechnung-1-650x433.png 650w, https:\/\/www.workflow.at\/wp-content\/uploads\/2025\/03\/Dienstreisekostenabrechnung-1.png 1200w\" sizes=\"(max-width: 300px) 100vw, 300px\" \/>\t\t<\/div>\n\t\t\t\t<div class=\"bdt-position-cover bdt-overlay bdt-overlay-default\">\n\t\t\t<div class=\"bdt-post-gallery-content\">\n\t\t\t\t<div class=\"bdt-gallery-content-inner\">\n\t\t\t\t\t\t\t\t\t<\/div>\n\t\t\t<\/div>\n\t\t<\/div>\n\t\t\t\t\t<\/div>\n\t\t\t\t\t<div class=\"bdt-post-gallery-skin-abetis-desc bdt-padding-small\">\n\t\t\t\t\t<a href=\"https:\/\/www.workflow.at\/en\/effiziente-dienstreisekostenabrechnung-mit-workflow-hr-systems\/\" >\n\t\t\t<h4 class=\"bdt-gallery-item-title bdt-margin-remove\">\n\t\t\t\tBusiness travel expense accounting: efficient processing and digital solutions\t\t\t<\/h4>\n\t\t<\/a>\n\t\t\n\t\t<\/div>\n\t\t\t\t<\/div>\n\n\t\t\t\t<div class=\"bdt-gallery-item bdt-transition-toggle bdt-width-1-1 bdt-width-1-2@s bdt-width-1-3@m\" data-filter=\"allgemein\">\n\t\t\t<div class=\"bdt-post-gallery-inner\">\n\t\t\t\t\t\t<div class=\"bdt-gallery-thumbnail bdt-gallery-thumbnail bdt-gallery-thumbnail bdt-gallery-thumbnail bdt-gallery-thumbnail bdt-gallery-thumbnail bdt-gallery-thumbnail bdt-gallery-thumbnail\">\n\t\t\t<img loading=\"lazy\" decoding=\"async\" width=\"300\" height=\"200\" src=\"https:\/\/www.workflow.at\/wp-content\/uploads\/2025\/03\/Cafe_Mancini_Image-36-2048x1365-1-300x200.jpg\" class=\"attachment-medium size-medium\" alt=\"Von Homeoffice zu Telearbeit: Was sich f\u00fcr Arbeitgeber und Arbeitnehmer \u00e4ndert\" srcset=\"https:\/\/www.workflow.at\/wp-content\/uploads\/2025\/03\/Cafe_Mancini_Image-36-2048x1365-1-300x200.jpg 300w, https:\/\/www.workflow.at\/wp-content\/uploads\/2025\/03\/Cafe_Mancini_Image-36-2048x1365-1-1024x683.jpg 1024w, https:\/\/www.workflow.at\/wp-content\/uploads\/2025\/03\/Cafe_Mancini_Image-36-2048x1365-1-768x512.jpg 768w, https:\/\/www.workflow.at\/wp-content\/uploads\/2025\/03\/Cafe_Mancini_Image-36-2048x1365-1-1536x1024.jpg 1536w, https:\/\/www.workflow.at\/wp-content\/uploads\/2025\/03\/Cafe_Mancini_Image-36-2048x1365-1-18x12.jpg 18w, https:\/\/www.workflow.at\/wp-content\/uploads\/2025\/03\/Cafe_Mancini_Image-36-2048x1365-1-650x433.jpg 650w, https:\/\/www.workflow.at\/wp-content\/uploads\/2025\/03\/Cafe_Mancini_Image-36-2048x1365-1.jpg 2048w\" sizes=\"(max-width: 300px) 100vw, 300px\" \/>\t\t<\/div>\n\t\t\t\t<div class=\"bdt-position-cover bdt-overlay bdt-overlay-default\">\n\t\t\t<div class=\"bdt-post-gallery-content\">\n\t\t\t\t<div class=\"bdt-gallery-content-inner\">\n\t\t\t\t\t\t\t\t\t<\/div>\n\t\t\t<\/div>\n\t\t<\/div>\n\t\t\t\t\t<\/div>\n\t\t\t\t\t<div class=\"bdt-post-gallery-skin-abetis-desc bdt-padding-small\">\n\t\t\t\t\t<a href=\"https:\/\/www.workflow.at\/en\/homeoffice-vs-telearbeit-was-sich-fuer-veraendert\/\" >\n\t\t\t<h4 class=\"bdt-gallery-item-title bdt-margin-remove\">\n\t\t\t\tFrom working from home to teleworking: what's changing for employers and employees\t\t\t<\/h4>\n\t\t<\/a>\n\t\t\n\t\t<\/div>\n\t\t\t\t<\/div>\n\n\t\t\t\t<div class=\"bdt-gallery-item bdt-transition-toggle bdt-width-1-1 bdt-width-1-2@s bdt-width-1-3@m\" data-filter=\"allgemein\">\n\t\t\t<div class=\"bdt-post-gallery-inner\">\n\t\t\t\t\t\t<div class=\"bdt-gallery-thumbnail bdt-gallery-thumbnail bdt-gallery-thumbnail bdt-gallery-thumbnail bdt-gallery-thumbnail bdt-gallery-thumbnail bdt-gallery-thumbnail bdt-gallery-thumbnail bdt-gallery-thumbnail\">\n\t\t\t<img loading=\"lazy\" decoding=\"async\" width=\"300\" height=\"169\" src=\"https:\/\/www.workflow.at\/wp-content\/uploads\/2025\/03\/Header_PersonalwolkeWebsite-2-300x169.jpg\" class=\"attachment-medium size-medium\" alt=\"Einfache und effiziente Kostenaufstellung 2025: Wie unser HR-Tool die Kostenplanungsgrundlagen automatisiert bereitstellt\" srcset=\"https:\/\/www.workflow.at\/wp-content\/uploads\/2025\/03\/Header_PersonalwolkeWebsite-2-300x169.jpg 300w, https:\/\/www.workflow.at\/wp-content\/uploads\/2025\/03\/Header_PersonalwolkeWebsite-2-1024x576.jpg 1024w, https:\/\/www.workflow.at\/wp-content\/uploads\/2025\/03\/Header_PersonalwolkeWebsite-2-768x432.jpg 768w, https:\/\/www.workflow.at\/wp-content\/uploads\/2025\/03\/Header_PersonalwolkeWebsite-2-1536x864.jpg 1536w, https:\/\/www.workflow.at\/wp-content\/uploads\/2025\/03\/Header_PersonalwolkeWebsite-2-18x10.jpg 18w, https:\/\/www.workflow.at\/wp-content\/uploads\/2025\/03\/Header_PersonalwolkeWebsite-2-650x366.jpg 650w, https:\/\/www.workflow.at\/wp-content\/uploads\/2025\/03\/Header_PersonalwolkeWebsite-2.jpg 1920w\" sizes=\"(max-width: 300px) 100vw, 300px\" \/>\t\t<\/div>\n\t\t\t\t<div class=\"bdt-position-cover bdt-overlay bdt-overlay-default\">\n\t\t\t<div class=\"bdt-post-gallery-content\">\n\t\t\t\t<div class=\"bdt-gallery-content-inner\">\n\t\t\t\t\t\t\t\t\t<\/div>\n\t\t\t<\/div>\n\t\t<\/div>\n\t\t\t\t\t<\/div>\n\t\t\t\t\t<div class=\"bdt-post-gallery-skin-abetis-desc bdt-padding-small\">\n\t\t\t\t\t<a href=\"https:\/\/www.workflow.at\/en\/hr-software-grundlage-fuer-eine-effiziente-kostenkalkulation\/\" >\n\t\t\t<h4 class=\"bdt-gallery-item-title bdt-margin-remove\">\n\t\t\t\tSimple and efficient cost breakdown 2025: How our HR tool automatically provides the cost planning basis\t\t\t<\/h4>\n\t\t<\/a>\n\t\t\n\t\t<\/div>\n\t\t\t\t<\/div>\n\n\t\t\t\t<div class=\"bdt-gallery-item bdt-transition-toggle bdt-width-1-1 bdt-width-1-2@s bdt-width-1-3@m\" data-filter=\"allgemein reisekosten\">\n\t\t\t<div class=\"bdt-post-gallery-inner\">\n\t\t\t\t\t\t<div class=\"bdt-gallery-thumbnail bdt-gallery-thumbnail bdt-gallery-thumbnail bdt-gallery-thumbnail bdt-gallery-thumbnail bdt-gallery-thumbnail bdt-gallery-thumbnail bdt-gallery-thumbnail bdt-gallery-thumbnail bdt-gallery-thumbnail\">\n\t\t\t<img loading=\"lazy\" decoding=\"async\" width=\"300\" height=\"240\" src=\"https:\/\/www.workflow.at\/wp-content\/uploads\/2025\/01\/4-1-300x240.png\" class=\"attachment-medium size-medium\" alt=\"Reisekosten 2025: Tipps zur effizienten Abrechnung und Verwaltung inkl. neuer Regelungen\" srcset=\"https:\/\/www.workflow.at\/wp-content\/uploads\/2025\/01\/4-1-300x240.png 300w, https:\/\/www.workflow.at\/wp-content\/uploads\/2025\/01\/4-1-768x614.png 768w, https:\/\/www.workflow.at\/wp-content\/uploads\/2025\/01\/4-1-650x520.png 650w, https:\/\/www.workflow.at\/wp-content\/uploads\/2025\/01\/4-1.png 1000w\" sizes=\"(max-width: 300px) 100vw, 300px\" \/>\t\t<\/div>\n\t\t\t\t<div class=\"bdt-position-cover bdt-overlay bdt-overlay-default\">\n\t\t\t<div class=\"bdt-post-gallery-content\">\n\t\t\t\t<div class=\"bdt-gallery-content-inner\">\n\t\t\t\t\t\t\t\t\t<\/div>\n\t\t\t<\/div>\n\t\t<\/div>\n\t\t\t\t\t<\/div>\n\t\t\t\t\t<div class=\"bdt-post-gallery-skin-abetis-desc bdt-padding-small\">\n\t\t\t\t\t<a href=\"https:\/\/www.workflow.at\/en\/reisekosten-2025-tipps-zur-abrechnung-verwaltung-inkl-neuer-regelungen\/\" >\n\t\t\t<h4 class=\"bdt-gallery-item-title bdt-margin-remove\">\n\t\t\t\tTravel expenses 2025: Tips for efficient accounting and administration including new regulations\t\t\t<\/h4>\n\t\t<\/a>\n\t\t\n\t\t<\/div>\n\t\t\t\t<\/div>\n\n\t\t\t\t<div class=\"bdt-gallery-item bdt-transition-toggle bdt-width-1-1 bdt-width-1-2@s bdt-width-1-3@m\" data-filter=\"allgemein zeiterfassung\">\n\t\t\t<div class=\"bdt-post-gallery-inner\">\n\t\t\t\t\t\t<div class=\"bdt-gallery-thumbnail bdt-gallery-thumbnail bdt-gallery-thumbnail bdt-gallery-thumbnail bdt-gallery-thumbnail bdt-gallery-thumbnail bdt-gallery-thumbnail bdt-gallery-thumbnail bdt-gallery-thumbnail bdt-gallery-thumbnail bdt-gallery-thumbnail\">\n\t\t\t<img loading=\"lazy\" decoding=\"async\" width=\"300\" height=\"200\" src=\"https:\/\/www.workflow.at\/wp-content\/uploads\/2025\/03\/Reisekostenabrechnung_DE_2-scaled-1-300x200.jpg\" class=\"attachment-medium size-medium\" alt=\"Vertrauensarbeitszeit: Flexibilit\u00e4t oder Kontrolle und Transparenz durch Zeiterfassung?\" srcset=\"https:\/\/www.workflow.at\/wp-content\/uploads\/2025\/03\/Reisekostenabrechnung_DE_2-scaled-1-300x200.jpg 300w, https:\/\/www.workflow.at\/wp-content\/uploads\/2025\/03\/Reisekostenabrechnung_DE_2-scaled-1-1024x682.jpg 1024w, https:\/\/www.workflow.at\/wp-content\/uploads\/2025\/03\/Reisekostenabrechnung_DE_2-scaled-1-768x511.jpg 768w, https:\/\/www.workflow.at\/wp-content\/uploads\/2025\/03\/Reisekostenabrechnung_DE_2-scaled-1-1536x1023.jpg 1536w, https:\/\/www.workflow.at\/wp-content\/uploads\/2025\/03\/Reisekostenabrechnung_DE_2-scaled-1-18x12.jpg 18w, https:\/\/www.workflow.at\/wp-content\/uploads\/2025\/03\/Reisekostenabrechnung_DE_2-scaled-1-650x433.jpg 650w, https:\/\/www.workflow.at\/wp-content\/uploads\/2025\/03\/Reisekostenabrechnung_DE_2-scaled-1.jpg 2000w\" sizes=\"(max-width: 300px) 100vw, 300px\" \/>\t\t<\/div>\n\t\t\t\t<div class=\"bdt-position-cover bdt-overlay bdt-overlay-default\">\n\t\t\t<div class=\"bdt-post-gallery-content\">\n\t\t\t\t<div class=\"bdt-gallery-content-inner\">\n\t\t\t\t\t\t\t\t\t<\/div>\n\t\t\t<\/div>\n\t\t<\/div>\n\t\t\t\t\t<\/div>\n\t\t\t\t\t<div class=\"bdt-post-gallery-skin-abetis-desc bdt-padding-small\">\n\t\t\t\t\t<a href=\"https:\/\/www.workflow.at\/en\/5-haeufige-fehler-bei-der-zeiterfassung-wie-man-sie-vermeidet\/\" >\n\t\t\t<h4 class=\"bdt-gallery-item-title bdt-margin-remove\">\n\t\t\t\tVertrauensarbeitszeit: Flexibilit\u00e4t oder Kontrolle und Transparenz durch Zeiterfassung?\t\t\t<\/h4>\n\t\t<\/a>\n\t\t\n\t\t<\/div>\n\t\t\t\t<\/div>\n\n\t\t\t\t<div class=\"bdt-gallery-item bdt-transition-toggle bdt-width-1-1 bdt-width-1-2@s bdt-width-1-3@m\" data-filter=\"allgemein\">\n\t\t\t<div class=\"bdt-post-gallery-inner\">\n\t\t\t\t\t\t<div class=\"bdt-gallery-thumbnail bdt-gallery-thumbnail bdt-gallery-thumbnail bdt-gallery-thumbnail bdt-gallery-thumbnail bdt-gallery-thumbnail bdt-gallery-thumbnail bdt-gallery-thumbnail bdt-gallery-thumbnail bdt-gallery-thumbnail bdt-gallery-thumbnail bdt-gallery-thumbnail\">\n\t\t\t<img loading=\"lazy\" decoding=\"async\" width=\"300\" height=\"169\" src=\"https:\/\/www.workflow.at\/wp-content\/uploads\/2025\/03\/Urlaubsverwaltung-in-Stunden-1-300x169.png\" class=\"attachment-medium size-medium\" alt=\"Urlaubsverwaltung in Stunden: Flexibilit\u00e4t und Vorteile f\u00fcr ArbeitgeberInnen und ArbeitnehmerInnen\" srcset=\"https:\/\/www.workflow.at\/wp-content\/uploads\/2025\/03\/Urlaubsverwaltung-in-Stunden-1-300x169.png 300w, https:\/\/www.workflow.at\/wp-content\/uploads\/2025\/03\/Urlaubsverwaltung-in-Stunden-1-1024x576.png 1024w, https:\/\/www.workflow.at\/wp-content\/uploads\/2025\/03\/Urlaubsverwaltung-in-Stunden-1-768x432.png 768w, https:\/\/www.workflow.at\/wp-content\/uploads\/2025\/03\/Urlaubsverwaltung-in-Stunden-1-1536x864.png 1536w, https:\/\/www.workflow.at\/wp-content\/uploads\/2025\/03\/Urlaubsverwaltung-in-Stunden-1-18x10.png 18w, https:\/\/www.workflow.at\/wp-content\/uploads\/2025\/03\/Urlaubsverwaltung-in-Stunden-1-650x366.png 650w, https:\/\/www.workflow.at\/wp-content\/uploads\/2025\/03\/Urlaubsverwaltung-in-Stunden-1.png 1920w\" sizes=\"(max-width: 300px) 100vw, 300px\" \/>\t\t<\/div>\n\t\t\t\t<div class=\"bdt-position-cover bdt-overlay bdt-overlay-default\">\n\t\t\t<div class=\"bdt-post-gallery-content\">\n\t\t\t\t<div class=\"bdt-gallery-content-inner\">\n\t\t\t\t\t\t\t\t\t<\/div>\n\t\t\t<\/div>\n\t\t<\/div>\n\t\t\t\t\t<\/div>\n\t\t\t\t\t<div class=\"bdt-post-gallery-skin-abetis-desc bdt-padding-small\">\n\t\t\t\t\t<a href=\"https:\/\/www.workflow.at\/en\/urlaubsverwaltung-in-stunden-flexibilitaet-und-vorteile-fuer-arbeitgeberinnen-und-arbeitnehmerinnen\/\" >\n\t\t\t<h4 class=\"bdt-gallery-item-title bdt-margin-remove\">\n\t\t\t\tView Post: Holiday management in hours: Flexibility and benefits for employers and employees\t\t\t<\/h4>\n\t\t<\/a>\n\t\t\n\t\t<\/div>\n\t\t\t\t<\/div>\n\n\t\t\t\t<div class=\"bdt-gallery-item bdt-transition-toggle bdt-width-1-1 bdt-width-1-2@s bdt-width-1-3@m\" data-filter=\"allgemein zeiterfassung\">\n\t\t\t<div class=\"bdt-post-gallery-inner\">\n\t\t\t\t\t\t<div class=\"bdt-gallery-thumbnail bdt-gallery-thumbnail bdt-gallery-thumbnail bdt-gallery-thumbnail bdt-gallery-thumbnail bdt-gallery-thumbnail bdt-gallery-thumbnail bdt-gallery-thumbnail bdt-gallery-thumbnail bdt-gallery-thumbnail bdt-gallery-thumbnail bdt-gallery-thumbnail bdt-gallery-thumbnail\">\n\t\t\t<img loading=\"lazy\" decoding=\"async\" width=\"300\" height=\"169\" src=\"https:\/\/www.workflow.at\/wp-content\/uploads\/2025\/03\/Zeiterfassungspflicht-DE-300x169.png\" class=\"attachment-medium size-medium\" alt=\"Zeiterfassungspflicht in Deutschland \u2013 Unsere Experten haben die Antworten\" srcset=\"https:\/\/www.workflow.at\/wp-content\/uploads\/2025\/03\/Zeiterfassungspflicht-DE-300x169.png 300w, https:\/\/www.workflow.at\/wp-content\/uploads\/2025\/03\/Zeiterfassungspflicht-DE-1024x576.png 1024w, https:\/\/www.workflow.at\/wp-content\/uploads\/2025\/03\/Zeiterfassungspflicht-DE-768x432.png 768w, https:\/\/www.workflow.at\/wp-content\/uploads\/2025\/03\/Zeiterfassungspflicht-DE-1536x864.png 1536w, https:\/\/www.workflow.at\/wp-content\/uploads\/2025\/03\/Zeiterfassungspflicht-DE-18x10.png 18w, https:\/\/www.workflow.at\/wp-content\/uploads\/2025\/03\/Zeiterfassungspflicht-DE-650x366.png 650w, https:\/\/www.workflow.at\/wp-content\/uploads\/2025\/03\/Zeiterfassungspflicht-DE.png 1920w\" sizes=\"(max-width: 300px) 100vw, 300px\" \/>\t\t<\/div>\n\t\t\t\t<div class=\"bdt-position-cover bdt-overlay bdt-overlay-default\">\n\t\t\t<div class=\"bdt-post-gallery-content\">\n\t\t\t\t<div class=\"bdt-gallery-content-inner\">\n\t\t\t\t\t\t\t\t\t<\/div>\n\t\t\t<\/div>\n\t\t<\/div>\n\t\t\t\t\t<\/div>\n\t\t\t\t\t<div class=\"bdt-post-gallery-skin-abetis-desc bdt-padding-small\">\n\t\t\t\t\t<a href=\"https:\/\/www.workflow.at\/en\/zeiterfassungssysteme-einfuehrung-gesetzliche-anforderungen\/\" >\n\t\t\t<h4 class=\"bdt-gallery-item-title bdt-margin-remove\">\n\t\t\t\tZeiterfassungspflicht in Deutschland \u2013 Unsere Experten haben die Antworten\t\t\t<\/h4>\n\t\t<\/a>\n\t\t\n\t\t<\/div>\n\t\t\t\t<\/div>\n\n\t\t\t\t<div class=\"bdt-gallery-item bdt-transition-toggle bdt-width-1-1 bdt-width-1-2@s bdt-width-1-3@m\" data-filter=\"allgemein zeiterfassung\">\n\t\t\t<div class=\"bdt-post-gallery-inner\">\n\t\t\t\t\t\t<div class=\"bdt-gallery-thumbnail bdt-gallery-thumbnail bdt-gallery-thumbnail bdt-gallery-thumbnail bdt-gallery-thumbnail bdt-gallery-thumbnail bdt-gallery-thumbnail bdt-gallery-thumbnail bdt-gallery-thumbnail bdt-gallery-thumbnail bdt-gallery-thumbnail bdt-gallery-thumbnail bdt-gallery-thumbnail bdt-gallery-thumbnail\">\n\t\t\t<img loading=\"lazy\" decoding=\"async\" width=\"300\" height=\"169\" src=\"https:\/\/www.workflow.at\/wp-content\/uploads\/2025\/03\/Deutschland_-Zeiterfassung-ist-Pflicht-300x169.png\" class=\"attachment-medium size-medium\" alt=\"Deutschland: Zeiterfassung ist Pflicht\" srcset=\"https:\/\/www.workflow.at\/wp-content\/uploads\/2025\/03\/Deutschland_-Zeiterfassung-ist-Pflicht-300x169.png 300w, https:\/\/www.workflow.at\/wp-content\/uploads\/2025\/03\/Deutschland_-Zeiterfassung-ist-Pflicht-1024x576.png 1024w, https:\/\/www.workflow.at\/wp-content\/uploads\/2025\/03\/Deutschland_-Zeiterfassung-ist-Pflicht-768x432.png 768w, https:\/\/www.workflow.at\/wp-content\/uploads\/2025\/03\/Deutschland_-Zeiterfassung-ist-Pflicht-1536x864.png 1536w, https:\/\/www.workflow.at\/wp-content\/uploads\/2025\/03\/Deutschland_-Zeiterfassung-ist-Pflicht-18x10.png 18w, https:\/\/www.workflow.at\/wp-content\/uploads\/2025\/03\/Deutschland_-Zeiterfassung-ist-Pflicht-650x366.png 650w, https:\/\/www.workflow.at\/wp-content\/uploads\/2025\/03\/Deutschland_-Zeiterfassung-ist-Pflicht.png 1920w\" sizes=\"(max-width: 300px) 100vw, 300px\" \/>\t\t<\/div>\n\t\t\t\t<div class=\"bdt-position-cover bdt-overlay bdt-overlay-default\">\n\t\t\t<div class=\"bdt-post-gallery-content\">\n\t\t\t\t<div class=\"bdt-gallery-content-inner\">\n\t\t\t\t\t\t\t\t\t<\/div>\n\t\t\t<\/div>\n\t\t<\/div>\n\t\t\t\t\t<\/div>\n\t\t\t\t\t<div class=\"bdt-post-gallery-skin-abetis-desc bdt-padding-small\">\n\t\t\t\t\t<a href=\"https:\/\/www.workflow.at\/en\/bag-beschluss-zur-arbeitszeiterfassung-verpflichtung-recht\/\" >\n\t\t\t<h4 class=\"bdt-gallery-item-title bdt-margin-remove\">\n\t\t\t\tGermany: Time recording is mandatory\t\t\t<\/h4>\n\t\t<\/a>\n\t\t\n\t\t<\/div>\n\t\t\t\t<\/div>\n\n\t\t\t\t<div class=\"bdt-gallery-item bdt-transition-toggle bdt-width-1-1 bdt-width-1-2@s bdt-width-1-3@m\" data-filter=\"jobs offene-stellen\">\n\t\t\t<div class=\"bdt-post-gallery-inner\">\n\t\t\t\t\t\t<div class=\"bdt-gallery-thumbnail bdt-gallery-thumbnail bdt-gallery-thumbnail bdt-gallery-thumbnail bdt-gallery-thumbnail bdt-gallery-thumbnail bdt-gallery-thumbnail bdt-gallery-thumbnail bdt-gallery-thumbnail bdt-gallery-thumbnail bdt-gallery-thumbnail bdt-gallery-thumbnail bdt-gallery-thumbnail bdt-gallery-thumbnail bdt-gallery-thumbnail\">\n\t\t\t<img loading=\"lazy\" decoding=\"async\" width=\"300\" height=\"225\" src=\"https:\/\/www.workflow.at\/wp-content\/uploads\/2025\/04\/Workflow_Projektzeiterfassung_Bild-5-300x225.png\" class=\"attachment-medium size-medium\" alt=\"Business Development Representative \u2013 Anstellung (38,5h) f\u00fcr Standort Wien gesucht\" srcset=\"https:\/\/www.workflow.at\/wp-content\/uploads\/2025\/04\/Workflow_Projektzeiterfassung_Bild-5-300x225.png 300w, https:\/\/www.workflow.at\/wp-content\/uploads\/2025\/04\/Workflow_Projektzeiterfassung_Bild-5-1024x770.png 1024w, https:\/\/www.workflow.at\/wp-content\/uploads\/2025\/04\/Workflow_Projektzeiterfassung_Bild-5-768x577.png 768w, https:\/\/www.workflow.at\/wp-content\/uploads\/2025\/04\/Workflow_Projektzeiterfassung_Bild-5-16x12.png 16w, https:\/\/www.workflow.at\/wp-content\/uploads\/2025\/04\/Workflow_Projektzeiterfassung_Bild-5-650x489.png 650w, https:\/\/www.workflow.at\/wp-content\/uploads\/2025\/04\/Workflow_Projektzeiterfassung_Bild-5.png 1296w\" sizes=\"(max-width: 300px) 100vw, 300px\" \/>\t\t<\/div>\n\t\t\t\t<div class=\"bdt-position-cover bdt-overlay bdt-overlay-default\">\n\t\t\t<div class=\"bdt-post-gallery-content\">\n\t\t\t\t<div class=\"bdt-gallery-content-inner\">\n\t\t\t\t\t\t\t\t\t<\/div>\n\t\t\t<\/div>\n\t\t<\/div>\n\t\t\t\t\t<\/div>\n\t\t\t\t\t<div class=\"bdt-post-gallery-skin-abetis-desc bdt-padding-small\">\n\t\t\t\t\t<a href=\"https:\/\/www.workflow.at\/en\/business-development-representative-anstellung-385h-fuer-standort-wien-gesucht\/\" >\n\t\t\t<h4 class=\"bdt-gallery-item-title bdt-margin-remove\">\n\t\t\t\tBusiness Development Representative \u2013 Anstellung (38,5h) f\u00fcr Standort Wien gesucht\t\t\t<\/h4>\n\t\t<\/a>\n\t\t\n\t\t<\/div>\n\t\t\t\t<\/div>\n\n\t\t\t\t<div class=\"bdt-gallery-item bdt-transition-toggle bdt-width-1-1 bdt-width-1-2@s bdt-width-1-3@m\" data-filter=\"jobs offene-stellen\">\n\t\t\t<div class=\"bdt-post-gallery-inner\">\n\t\t\t\t\t\t<div class=\"bdt-gallery-thumbnail bdt-gallery-thumbnail bdt-gallery-thumbnail bdt-gallery-thumbnail bdt-gallery-thumbnail bdt-gallery-thumbnail bdt-gallery-thumbnail bdt-gallery-thumbnail bdt-gallery-thumbnail bdt-gallery-thumbnail bdt-gallery-thumbnail bdt-gallery-thumbnail bdt-gallery-thumbnail bdt-gallery-thumbnail bdt-gallery-thumbnail bdt-gallery-thumbnail\">\n\t\t\t<img loading=\"lazy\" decoding=\"async\" width=\"300\" height=\"200\" src=\"https:\/\/www.workflow.at\/wp-content\/uploads\/2025\/05\/Workflow-HR_2025_Final-42-300x200.jpg\" class=\"attachment-medium size-medium\" alt=\"Customer Success Manager \u2013 Anstellung (38,5h) f\u00fcr Standort Wien gesucht\" srcset=\"https:\/\/www.workflow.at\/wp-content\/uploads\/2025\/05\/Workflow-HR_2025_Final-42-300x200.jpg 300w, https:\/\/www.workflow.at\/wp-content\/uploads\/2025\/05\/Workflow-HR_2025_Final-42-1024x683.jpg 1024w, https:\/\/www.workflow.at\/wp-content\/uploads\/2025\/05\/Workflow-HR_2025_Final-42-768x512.jpg 768w, https:\/\/www.workflow.at\/wp-content\/uploads\/2025\/05\/Workflow-HR_2025_Final-42-1536x1024.jpg 1536w, https:\/\/www.workflow.at\/wp-content\/uploads\/2025\/05\/Workflow-HR_2025_Final-42-2048x1365.jpg 2048w, https:\/\/www.workflow.at\/wp-content\/uploads\/2025\/05\/Workflow-HR_2025_Final-42-18x12.jpg 18w, https:\/\/www.workflow.at\/wp-content\/uploads\/2025\/05\/Workflow-HR_2025_Final-42-650x433.jpg 650w\" sizes=\"(max-width: 300px) 100vw, 300px\" \/>\t\t<\/div>\n\t\t\t\t<div class=\"bdt-position-cover bdt-overlay bdt-overlay-default\">\n\t\t\t<div class=\"bdt-post-gallery-content\">\n\t\t\t\t<div class=\"bdt-gallery-content-inner\">\n\t\t\t\t\t\t\t\t\t<\/div>\n\t\t\t<\/div>\n\t\t<\/div>\n\t\t\t\t\t<\/div>\n\t\t\t\t\t<div class=\"bdt-post-gallery-skin-abetis-desc bdt-padding-small\">\n\t\t\t\t\t<a href=\"https:\/\/www.workflow.at\/en\/customer-success-manager-fuer-wien-gesucht\/\" >\n\t\t\t<h4 class=\"bdt-gallery-item-title bdt-margin-remove\">\n\t\t\t\tCustomer Success Manager \u2013 Anstellung (38,5h) f\u00fcr Standort Wien gesucht\t\t\t<\/h4>\n\t\t<\/a>\n\t\t\n\t\t<\/div>\n\t\t\t\t<\/div>\n\n\t\t\t\t<div class=\"bdt-gallery-item bdt-transition-toggle bdt-width-1-1 bdt-width-1-2@s bdt-width-1-3@m\" data-filter=\"events\">\n\t\t\t<div class=\"bdt-post-gallery-inner\">\n\t\t\t\t\t\t<div class=\"bdt-gallery-thumbnail bdt-gallery-thumbnail bdt-gallery-thumbnail bdt-gallery-thumbnail bdt-gallery-thumbnail bdt-gallery-thumbnail bdt-gallery-thumbnail bdt-gallery-thumbnail bdt-gallery-thumbnail bdt-gallery-thumbnail bdt-gallery-thumbnail bdt-gallery-thumbnail bdt-gallery-thumbnail bdt-gallery-thumbnail bdt-gallery-thumbnail bdt-gallery-thumbnail bdt-gallery-thumbnail\">\n\t\t\t<img loading=\"lazy\" decoding=\"async\" width=\"300\" height=\"300\" src=\"https:\/\/www.workflow.at\/wp-content\/uploads\/2025\/03\/Stuttgart-1024x1024-1-300x300.png\" class=\"attachment-medium size-medium\" alt=\"Zukunft Personal S\u00fcd Messe Stuttgart\" srcset=\"https:\/\/www.workflow.at\/wp-content\/uploads\/2025\/03\/Stuttgart-1024x1024-1-300x300.png 300w, https:\/\/www.workflow.at\/wp-content\/uploads\/2025\/03\/Stuttgart-1024x1024-1-150x150.png 150w, https:\/\/www.workflow.at\/wp-content\/uploads\/2025\/03\/Stuttgart-1024x1024-1-768x768.png 768w, https:\/\/www.workflow.at\/wp-content\/uploads\/2025\/03\/Stuttgart-1024x1024-1-12x12.png 12w, https:\/\/www.workflow.at\/wp-content\/uploads\/2025\/03\/Stuttgart-1024x1024-1-650x650.png 650w, https:\/\/www.workflow.at\/wp-content\/uploads\/2025\/03\/Stuttgart-1024x1024-1-45x45.png 45w, https:\/\/www.workflow.at\/wp-content\/uploads\/2025\/03\/Stuttgart-1024x1024-1.png 1024w\" sizes=\"(max-width: 300px) 100vw, 300px\" \/>\t\t<\/div>\n\t\t\t\t<div class=\"bdt-position-cover bdt-overlay bdt-overlay-default\">\n\t\t\t<div class=\"bdt-post-gallery-content\">\n\t\t\t\t<div class=\"bdt-gallery-content-inner\">\n\t\t\t\t\t\t\t\t\t<\/div>\n\t\t\t<\/div>\n\t\t<\/div>\n\t\t\t\t\t<\/div>\n\t\t\t\t\t<div class=\"bdt-post-gallery-skin-abetis-desc bdt-padding-small\">\n\t\t\t\t\t<a href=\"https:\/\/www.workflow.at\/en\/workflow-auf-der-zukunft-personal-sued-messe-stuttgart\/\" >\n\t\t\t<h4 class=\"bdt-gallery-item-title bdt-margin-remove\">\n\t\t\t\tZukunft Personal S\u00fcd Messe Stuttgart\t\t\t<\/h4>\n\t\t<\/a>\n\t\t\n\t\t<\/div>\n\t\t\t\t<\/div>\n\n\t\t\t\t<div class=\"bdt-gallery-item bdt-transition-toggle bdt-width-1-1 bdt-width-1-2@s bdt-width-1-3@m\" data-filter=\"allgemein zeiterfassung\">\n\t\t\t<div class=\"bdt-post-gallery-inner\">\n\t\t\t\t\t\t<div class=\"bdt-gallery-thumbnail bdt-gallery-thumbnail bdt-gallery-thumbnail bdt-gallery-thumbnail bdt-gallery-thumbnail bdt-gallery-thumbnail bdt-gallery-thumbnail bdt-gallery-thumbnail bdt-gallery-thumbnail bdt-gallery-thumbnail bdt-gallery-thumbnail bdt-gallery-thumbnail bdt-gallery-thumbnail bdt-gallery-thumbnail bdt-gallery-thumbnail bdt-gallery-thumbnail bdt-gallery-thumbnail bdt-gallery-thumbnail\">\n\t\t\t<img loading=\"lazy\" decoding=\"async\" width=\"300\" height=\"169\" src=\"https:\/\/www.workflow.at\/wp-content\/uploads\/2025\/03\/Ohne-Zeiterfassung-geht-es-nicht-mehr-300x169.png\" class=\"attachment-medium size-medium\" alt=\"Ohne Zeiterfassung geht es nicht mehr\" srcset=\"https:\/\/www.workflow.at\/wp-content\/uploads\/2025\/03\/Ohne-Zeiterfassung-geht-es-nicht-mehr-300x169.png 300w, https:\/\/www.workflow.at\/wp-content\/uploads\/2025\/03\/Ohne-Zeiterfassung-geht-es-nicht-mehr-1024x576.png 1024w, https:\/\/www.workflow.at\/wp-content\/uploads\/2025\/03\/Ohne-Zeiterfassung-geht-es-nicht-mehr-768x432.png 768w, https:\/\/www.workflow.at\/wp-content\/uploads\/2025\/03\/Ohne-Zeiterfassung-geht-es-nicht-mehr-1536x864.png 1536w, https:\/\/www.workflow.at\/wp-content\/uploads\/2025\/03\/Ohne-Zeiterfassung-geht-es-nicht-mehr-18x10.png 18w, https:\/\/www.workflow.at\/wp-content\/uploads\/2025\/03\/Ohne-Zeiterfassung-geht-es-nicht-mehr-650x366.png 650w, https:\/\/www.workflow.at\/wp-content\/uploads\/2025\/03\/Ohne-Zeiterfassung-geht-es-nicht-mehr.png 1920w\" sizes=\"(max-width: 300px) 100vw, 300px\" \/>\t\t<\/div>\n\t\t\t\t<div class=\"bdt-position-cover bdt-overlay bdt-overlay-default\">\n\t\t\t<div class=\"bdt-post-gallery-content\">\n\t\t\t\t<div class=\"bdt-gallery-content-inner\">\n\t\t\t\t\t\t\t\t\t<\/div>\n\t\t\t<\/div>\n\t\t<\/div>\n\t\t\t\t\t<\/div>\n\t\t\t\t\t<div class=\"bdt-post-gallery-skin-abetis-desc bdt-padding-small\">\n\t\t\t\t\t<a href=\"https:\/\/www.workflow.at\/en\/arbeitszeiterfassung-regelungen-das-urteil-des-eugh-und-bag\/\" >\n\t\t\t<h4 class=\"bdt-gallery-item-title bdt-margin-remove\">\n\t\t\t\tYou can no longer do without time recording\t\t\t<\/h4>\n\t\t<\/a>\n\t\t\n\t\t<\/div>\n\t\t\t\t<\/div>\n\n\t\t\t\t<div class=\"bdt-gallery-item bdt-transition-toggle bdt-width-1-1 bdt-width-1-2@s bdt-width-1-3@m\" data-filter=\"allgemein\">\n\t\t\t<div class=\"bdt-post-gallery-inner\">\n\t\t\t\t\t\t<div class=\"bdt-gallery-thumbnail bdt-gallery-thumbnail bdt-gallery-thumbnail bdt-gallery-thumbnail bdt-gallery-thumbnail bdt-gallery-thumbnail bdt-gallery-thumbnail bdt-gallery-thumbnail bdt-gallery-thumbnail bdt-gallery-thumbnail bdt-gallery-thumbnail bdt-gallery-thumbnail bdt-gallery-thumbnail bdt-gallery-thumbnail bdt-gallery-thumbnail bdt-gallery-thumbnail bdt-gallery-thumbnail bdt-gallery-thumbnail bdt-gallery-thumbnail\">\n\t\t\t<img loading=\"lazy\" decoding=\"async\" width=\"300\" height=\"200\" src=\"https:\/\/www.workflow.at\/wp-content\/uploads\/2025\/03\/Folder_Projektzeiterfassung_Seite-11-scaled-1-2048x1365-1-300x200.jpg\" class=\"attachment-medium size-medium\" alt=\"Employee Wellbeing: So k\u00f6nnen Sie Ihre Mitarbeiterzufriedenheit steigern\" srcset=\"https:\/\/www.workflow.at\/wp-content\/uploads\/2025\/03\/Folder_Projektzeiterfassung_Seite-11-scaled-1-2048x1365-1-300x200.jpg 300w, https:\/\/www.workflow.at\/wp-content\/uploads\/2025\/03\/Folder_Projektzeiterfassung_Seite-11-scaled-1-2048x1365-1-1024x683.jpg 1024w, https:\/\/www.workflow.at\/wp-content\/uploads\/2025\/03\/Folder_Projektzeiterfassung_Seite-11-scaled-1-2048x1365-1-768x512.jpg 768w, https:\/\/www.workflow.at\/wp-content\/uploads\/2025\/03\/Folder_Projektzeiterfassung_Seite-11-scaled-1-2048x1365-1-1536x1024.jpg 1536w, https:\/\/www.workflow.at\/wp-content\/uploads\/2025\/03\/Folder_Projektzeiterfassung_Seite-11-scaled-1-2048x1365-1-18x12.jpg 18w, https:\/\/www.workflow.at\/wp-content\/uploads\/2025\/03\/Folder_Projektzeiterfassung_Seite-11-scaled-1-2048x1365-1-650x433.jpg 650w, https:\/\/www.workflow.at\/wp-content\/uploads\/2025\/03\/Folder_Projektzeiterfassung_Seite-11-scaled-1-2048x1365-1.jpg 2048w\" sizes=\"(max-width: 300px) 100vw, 300px\" \/>\t\t<\/div>\n\t\t\t\t<div class=\"bdt-position-cover bdt-overlay bdt-overlay-default\">\n\t\t\t<div class=\"bdt-post-gallery-content\">\n\t\t\t\t<div class=\"bdt-gallery-content-inner\">\n\t\t\t\t\t\t\t\t\t<\/div>\n\t\t\t<\/div>\n\t\t<\/div>\n\t\t\t\t\t<\/div>\n\t\t\t\t\t<div class=\"bdt-post-gallery-skin-abetis-desc bdt-padding-small\">\n\t\t\t\t\t<a href=\"https:\/\/www.workflow.at\/en\/employee-wellbeing-mitarbeiterzufriedenheit-steigern\/\" >\n\t\t\t<h4 class=\"bdt-gallery-item-title bdt-margin-remove\">\n\t\t\t\tEmployee Wellbeing: So k\u00f6nnen Sie Ihre Mitarbeiterzufriedenheit steigern\t\t\t<\/h4>\n\t\t<\/a>\n\t\t\n\t\t<\/div>\n\t\t\t\t<\/div>\n\n\t\t\t\t<div class=\"bdt-gallery-item bdt-transition-toggle bdt-width-1-1 bdt-width-1-2@s bdt-width-1-3@m\" data-filter=\"events\">\n\t\t\t<div class=\"bdt-post-gallery-inner\">\n\t\t\t\t\t\t<div class=\"bdt-gallery-thumbnail bdt-gallery-thumbnail bdt-gallery-thumbnail bdt-gallery-thumbnail bdt-gallery-thumbnail bdt-gallery-thumbnail bdt-gallery-thumbnail bdt-gallery-thumbnail bdt-gallery-thumbnail bdt-gallery-thumbnail bdt-gallery-thumbnail bdt-gallery-thumbnail bdt-gallery-thumbnail bdt-gallery-thumbnail bdt-gallery-thumbnail bdt-gallery-thumbnail bdt-gallery-thumbnail bdt-gallery-thumbnail bdt-gallery-thumbnail bdt-gallery-thumbnail\">\n\t\t\t<img loading=\"lazy\" decoding=\"async\" width=\"300\" height=\"300\" src=\"https:\/\/www.workflow.at\/wp-content\/uploads\/2025\/03\/Koeln-1024x1024-1-300x300.png\" class=\"attachment-medium size-medium\" alt=\"Zukunft Personal Europe Messe K\u00f6ln\" srcset=\"https:\/\/www.workflow.at\/wp-content\/uploads\/2025\/03\/Koeln-1024x1024-1-300x300.png 300w, https:\/\/www.workflow.at\/wp-content\/uploads\/2025\/03\/Koeln-1024x1024-1-150x150.png 150w, https:\/\/www.workflow.at\/wp-content\/uploads\/2025\/03\/Koeln-1024x1024-1-768x768.png 768w, https:\/\/www.workflow.at\/wp-content\/uploads\/2025\/03\/Koeln-1024x1024-1-12x12.png 12w, https:\/\/www.workflow.at\/wp-content\/uploads\/2025\/03\/Koeln-1024x1024-1-650x650.png 650w, https:\/\/www.workflow.at\/wp-content\/uploads\/2025\/03\/Koeln-1024x1024-1-45x45.png 45w, https:\/\/www.workflow.at\/wp-content\/uploads\/2025\/03\/Koeln-1024x1024-1.png 1024w\" sizes=\"(max-width: 300px) 100vw, 300px\" \/>\t\t<\/div>\n\t\t\t\t<div class=\"bdt-position-cover bdt-overlay bdt-overlay-default\">\n\t\t\t<div class=\"bdt-post-gallery-content\">\n\t\t\t\t<div class=\"bdt-gallery-content-inner\">\n\t\t\t\t\t\t\t\t\t<\/div>\n\t\t\t<\/div>\n\t\t<\/div>\n\t\t\t\t\t<\/div>\n\t\t\t\t\t<div class=\"bdt-post-gallery-skin-abetis-desc bdt-padding-small\">\n\t\t\t\t\t<a href=\"https:\/\/www.workflow.at\/en\/workflow-auf-der-zukunft-personal-europe-messe-koeln\/\" >\n\t\t\t<h4 class=\"bdt-gallery-item-title bdt-margin-remove\">\n\t\t\t\tZukunft Personal Europe Trade Fair Cologne\t\t\t<\/h4>\n\t\t<\/a>\n\t\t\n\t\t<\/div>\n\t\t\t\t<\/div>\n\n\t\t\t\t<div class=\"bdt-gallery-item bdt-transition-toggle bdt-width-1-1 bdt-width-1-2@s bdt-width-1-3@m\" data-filter=\"allgemein jobs\">\n\t\t\t<div class=\"bdt-post-gallery-inner\">\n\t\t\t\t\t\t<div class=\"bdt-gallery-thumbnail bdt-gallery-thumbnail bdt-gallery-thumbnail bdt-gallery-thumbnail bdt-gallery-thumbnail bdt-gallery-thumbnail bdt-gallery-thumbnail bdt-gallery-thumbnail bdt-gallery-thumbnail bdt-gallery-thumbnail bdt-gallery-thumbnail bdt-gallery-thumbnail bdt-gallery-thumbnail bdt-gallery-thumbnail bdt-gallery-thumbnail bdt-gallery-thumbnail bdt-gallery-thumbnail bdt-gallery-thumbnail bdt-gallery-thumbnail bdt-gallery-thumbnail bdt-gallery-thumbnail\">\n\t\t\t<img loading=\"lazy\" decoding=\"async\" width=\"300\" height=\"200\" src=\"https:\/\/www.workflow.at\/wp-content\/uploads\/2025\/03\/Helga_Gruber_Besprechung-7_1-300x200.jpg\" class=\"attachment-medium size-medium\" alt=\"Dein Weg zu uns \u2013 So l\u00e4uft unser Bewerbungsprozess ab\" srcset=\"https:\/\/www.workflow.at\/wp-content\/uploads\/2025\/03\/Helga_Gruber_Besprechung-7_1-300x200.jpg 300w, https:\/\/www.workflow.at\/wp-content\/uploads\/2025\/03\/Helga_Gruber_Besprechung-7_1-1024x683.jpg 1024w, https:\/\/www.workflow.at\/wp-content\/uploads\/2025\/03\/Helga_Gruber_Besprechung-7_1-768x512.jpg 768w, https:\/\/www.workflow.at\/wp-content\/uploads\/2025\/03\/Helga_Gruber_Besprechung-7_1-1536x1024.jpg 1536w, https:\/\/www.workflow.at\/wp-content\/uploads\/2025\/03\/Helga_Gruber_Besprechung-7_1-2048x1365.jpg 2048w, https:\/\/www.workflow.at\/wp-content\/uploads\/2025\/03\/Helga_Gruber_Besprechung-7_1-18x12.jpg 18w, https:\/\/www.workflow.at\/wp-content\/uploads\/2025\/03\/Helga_Gruber_Besprechung-7_1-650x433.jpg 650w\" sizes=\"(max-width: 300px) 100vw, 300px\" \/>\t\t<\/div>\n\t\t\t\t<div class=\"bdt-position-cover bdt-overlay bdt-overlay-default\">\n\t\t\t<div class=\"bdt-post-gallery-content\">\n\t\t\t\t<div class=\"bdt-gallery-content-inner\">\n\t\t\t\t\t\t\t\t\t<\/div>\n\t\t\t<\/div>\n\t\t<\/div>\n\t\t\t\t\t<\/div>\n\t\t\t\t\t<div class=\"bdt-post-gallery-skin-abetis-desc bdt-padding-small\">\n\t\t\t\t\t<a href=\"https:\/\/www.workflow.at\/en\/workflow-hr-systems-unser-bewerbungsprozess-tipps\/\" >\n\t\t\t<h4 class=\"bdt-gallery-item-title bdt-margin-remove\">\n\t\t\t\tDein Weg zu uns \u2013 So l\u00e4uft unser Bewerbungsprozess ab\t\t\t<\/h4>\n\t\t<\/a>\n\t\t\n\t\t<\/div>\n\t\t\t\t<\/div>\n\n\t\t\t\t<div class=\"bdt-gallery-item bdt-transition-toggle bdt-width-1-1 bdt-width-1-2@s bdt-width-1-3@m\" data-filter=\"allgemein jobs\">\n\t\t\t<div class=\"bdt-post-gallery-inner\">\n\t\t\t\t\t\t<div class=\"bdt-gallery-thumbnail bdt-gallery-thumbnail bdt-gallery-thumbnail bdt-gallery-thumbnail bdt-gallery-thumbnail bdt-gallery-thumbnail bdt-gallery-thumbnail bdt-gallery-thumbnail bdt-gallery-thumbnail bdt-gallery-thumbnail bdt-gallery-thumbnail bdt-gallery-thumbnail bdt-gallery-thumbnail bdt-gallery-thumbnail bdt-gallery-thumbnail bdt-gallery-thumbnail bdt-gallery-thumbnail bdt-gallery-thumbnail bdt-gallery-thumbnail bdt-gallery-thumbnail bdt-gallery-thumbnail bdt-gallery-thumbnail\">\n\t\t\t<img loading=\"lazy\" decoding=\"async\" width=\"300\" height=\"199\" src=\"https:\/\/www.workflow.at\/wp-content\/uploads\/2025\/03\/Personalwolke_final-45-1-300x199.jpg\" class=\"attachment-medium size-medium\" alt=\"Unsere langj\u00e4hrige Partnerschaft mit IAESTE: Internationale Talente bei Workflow\" srcset=\"https:\/\/www.workflow.at\/wp-content\/uploads\/2025\/03\/Personalwolke_final-45-1-300x199.jpg 300w, https:\/\/www.workflow.at\/wp-content\/uploads\/2025\/03\/Personalwolke_final-45-1-1024x679.jpg 1024w, https:\/\/www.workflow.at\/wp-content\/uploads\/2025\/03\/Personalwolke_final-45-1-768x509.jpg 768w, https:\/\/www.workflow.at\/wp-content\/uploads\/2025\/03\/Personalwolke_final-45-1-1536x1018.jpg 1536w, https:\/\/www.workflow.at\/wp-content\/uploads\/2025\/03\/Personalwolke_final-45-1-2048x1358.jpg 2048w, https:\/\/www.workflow.at\/wp-content\/uploads\/2025\/03\/Personalwolke_final-45-1-18x12.jpg 18w, https:\/\/www.workflow.at\/wp-content\/uploads\/2025\/03\/Personalwolke_final-45-1-650x431.jpg 650w\" sizes=\"(max-width: 300px) 100vw, 300px\" \/>\t\t<\/div>\n\t\t\t\t<div class=\"bdt-position-cover bdt-overlay bdt-overlay-default\">\n\t\t\t<div class=\"bdt-post-gallery-content\">\n\t\t\t\t<div class=\"bdt-gallery-content-inner\">\n\t\t\t\t\t\t\t\t\t<\/div>\n\t\t\t<\/div>\n\t\t<\/div>\n\t\t\t\t\t<\/div>\n\t\t\t\t\t<div class=\"bdt-post-gallery-skin-abetis-desc bdt-padding-small\">\n\t\t\t\t\t<a href=\"https:\/\/www.workflow.at\/en\/erfolgreiche-partnerschaft-von-worfklow-iaeste\/\" >\n\t\t\t<h4 class=\"bdt-gallery-item-title bdt-margin-remove\">\n\t\t\t\tUnsere langj\u00e4hrige Partnerschaft mit IAESTE: Internationale Talente bei Workflow\t\t\t<\/h4>\n\t\t<\/a>\n\t\t\n\t\t<\/div>\n\t\t\t\t<\/div>\n\n\t\t\n\t\t\t<\/div>\n\t\t<\/div>\n\t\t\t\t\t\t<\/div>\n\t\t\t\t<\/div>\n\t\t\t\t\t<\/div>\n\t\t\t\t<\/div>\n\t\t<div class=\"elementor-element elementor-element-02be990 elementor-hidden-desktop elementor-hidden-tablet elementor-hidden-mobile e-flex e-con-boxed e-con e-parent\" data-id=\"02be990\" data-element_type=\"container\" data-e-type=\"container\">\n\t\t\t\t\t<div class=\"e-con-inner\">\n\t\t<div class=\"elementor-element elementor-element-8741196 e-con-full e-flex e-con e-child\" data-id=\"8741196\" data-element_type=\"container\" data-e-type=\"container\">\n\t\t\t\t<div class=\"elementor-element elementor-element-a1a090b no ui-e-apg-classic ui-e-img-anim-zoom elementor-widget elementor-widget-uicore-advanced-post-grid woocommerce elementor-widget-uicore-advanced-post-grid\" data-id=\"a1a090b\" data-element_type=\"widget\" data-e-type=\"widget\" data-settings=\"{&quot;masonry&quot;:&quot;no&quot;,&quot;pagination_type&quot;:&quot;numbers&quot;}\" data-widget_type=\"uicore-advanced-post-grid.default\">\n\t\t\t\t<div class=\"elementor-widget-container\">\n\t\t\t\t\t            <div class=\"ui-e-adv-grid\">\n                \n                <div class=\"ui-e-post-item ui-e-item ui-e-animations-wrp\">\n                    <article class=\"post-25984134 post type-post status-publish format-standard has-post-thumbnail hentry category-allgemein tag-hr tag-hr-business-partner tag-hr-business-partner-rolle tag-hr-digitalisierung tag-hr-prozesse-optimieren tag-hr-strategie tag-inhouse-loesung tag-on-premise-software tag-personalmanagement tag-personalsofltware tag-reisekosten tag-reisekostenabrechnung tag-zeiterfassung tag-zeiterfassung-cloud tag-zeiterfassung-elektronisch tag-zeiterfassung-pflicht tag-zeiterfassungssoftwre\">\n                        <div class=\"ui-e-post-top\">\n                                    <a class=\"ui-e-post-img-wrapp\"\n            href=\"https:\/\/www.workflow.at\/en\/hr-business-partner-so-schafft-digitalisierung-freiraum-fuer-strategie\/\"\n            title=\"View Post:HR Business Partner &#8211; so schafft Digitalisierung Freiraum\">\n\n                            <div class=\"ui-e-post-img\" style=\"background-image:url(https:\/\/www.workflow.at\/wp-content\/uploads\/2025\/04\/Workflow_Zeiterfassung_Bild-1-650x489.png)\"><\/div>\n                    <\/a>\n                                                        <\/div>\n\n                        \n                        <div class=\"ui-e-post-content\">\n\n                                                                <a href=\"https:\/\/www.workflow.at\/en\/hr-business-partner-so-schafft-digitalisierung-freiraum-fuer-strategie\/\" title=\"View Post:HR Business Partner &#8211; so schafft Digitalisierung Freiraum\">\n            <h4 class=\"ui-e-post-title\">\n                <span> HR Business Partner &#8211; so schafft Digitalisierung Freiraum <\/span>\n            <\/h4>\n        <\/a>\n                                <div class=\"ui-e-meta-wrapp\"><div class=\"ui-e-post-meta ui-e-after_title\"><div class=\"ui-e-meta-item\">7 August 2025<\/div><\/div><\/div>                            <div class=\"ui-e-post-text\">The role of the HR department has changed fundamentally in recent years - from an administrative unit to a strategic HR business partner. However, operational tasks often slow down this change. In this article, you will learn how digital HR solutions, either on-premise or from the cloud, create space for strategic work and make your HR department fit for the future.<\/div>                            <div class=\"ui-e-post-meta ui-e-bottom\"><\/div>                                                    <\/div>\n                    <\/article>\n                <\/div>\n\n                \n                <div class=\"ui-e-post-item ui-e-item ui-e-animations-wrp\">\n                    <article class=\"post-25984112 post type-post status-publish format-standard has-post-thumbnail hentry category-allgemein category-reisekosten tag-diaetenabrechnung tag-eigener-server tag-inhouse-loesung tag-lokale-software tag-on-premise tag-on-premise-software tag-personalmanagement tag-reisekosten-abrechnen tag-reisekosten-erfassen tag-reisekostenabrechnung tag-selbst-gehostete-softwareloesung tag-spesenabrechnung\">\n                        <div class=\"ui-e-post-top\">\n                                    <a class=\"ui-e-post-img-wrapp\"\n            href=\"https:\/\/www.workflow.at\/en\/on-premise-reisekostenabrechnung-wann-sinnvoll\/\"\n            title=\"View Post:On Premise Reisekostenabrechnung &#8211; wann sinnvoll?\">\n\n                            <div class=\"ui-e-post-img\" style=\"background-image:url(https:\/\/www.workflow.at\/wp-content\/uploads\/2025\/04\/Workflow_Reisekosten_Bild-2-650x489.png)\"><\/div>\n                    <\/a>\n                                                        <\/div>\n\n                        \n                        <div class=\"ui-e-post-content\">\n\n                                                                <a href=\"https:\/\/www.workflow.at\/en\/on-premise-reisekostenabrechnung-wann-sinnvoll\/\" title=\"View Post:On Premise Reisekostenabrechnung &#8211; wann sinnvoll?\">\n            <h4 class=\"ui-e-post-title\">\n                <span> On Premise Reisekostenabrechnung &#8211; wann sinnvoll? <\/span>\n            <\/h4>\n        <\/a>\n                                <div class=\"ui-e-meta-wrapp\"><div class=\"ui-e-post-meta ui-e-after_title\"><div class=\"ui-e-meta-item\">14 July 2025<\/div><\/div><\/div>                            <div class=\"ui-e-post-text\">Cloud solutions are flexible, low-maintenance and the ideal choice for many companies. However, if the highest demands are placed on data protection, data sovereignty or system integration, an on-premise solution can be the superior alternative. In this article, we show why locally installed software is the better strategic decision for certain organisations, particularly in the area of travel expense accounting.<\/div>                            <div class=\"ui-e-post-meta ui-e-bottom\"><\/div>                                                    <\/div>\n                    <\/article>\n                <\/div>\n\n                \n                <div class=\"ui-e-post-item ui-e-item ui-e-animations-wrp\">\n                    <article class=\"post-25984069 post type-post status-publish format-standard has-post-thumbnail hentry category-allgemein category-zeiterfassung tag-digitale-zeiterfassung tag-hr-software tag-online-zeiterfassung tag-zeiterfassung tag-zeiterfassung-cloud tag-zeiterfassung-elektronisch tag-zeiterfassung-mitarbeiter tag-zeiterfassung-pflicht tag-zeiterfassungssoftware\">\n                        <div class=\"ui-e-post-top\">\n                                    <a class=\"ui-e-post-img-wrapp\"\n            href=\"https:\/\/www.workflow.at\/en\/digitale-zeiterfassung-als-unverzichtbarer-bestandteil-moderner-hr-prozesse\/\"\n            title=\"View Post:Digitale Zeiterfassung als unverzichtbarer HR-Prozess\">\n\n                            <div class=\"ui-e-post-img\" style=\"background-image:url(https:\/\/www.workflow.at\/wp-content\/uploads\/2025\/06\/Workflow-HR_2025_Final-32-650x433.jpg)\"><\/div>\n                    <\/a>\n                                                        <\/div>\n\n                        \n                        <div class=\"ui-e-post-content\">\n\n                                                                <a href=\"https:\/\/www.workflow.at\/en\/digitale-zeiterfassung-als-unverzichtbarer-bestandteil-moderner-hr-prozesse\/\" title=\"View Post:Digitale Zeiterfassung als unverzichtbarer HR-Prozess\">\n            <h4 class=\"ui-e-post-title\">\n                <span> Digital time recording as an indispensable HR process <\/span>\n            <\/h4>\n        <\/a>\n                                <div class=\"ui-e-meta-wrapp\"><div class=\"ui-e-post-meta ui-e-after_title\"><div class=\"ui-e-meta-item\">30 June 2025<\/div><\/div><\/div>                            <div class=\"ui-e-post-text\">Today, digital time recording is an indispensable part of modern HR processes - especially in the age of working from home, teleworking and international specialists. It not only ensures compliance with legal requirements, but also creates transparency, fairness and efficiency in HR administration. With a flexible, digital solution, working times can be recorded regardless of location and optimally integrated into the overall HR management software.<\/div>                            <div class=\"ui-e-post-meta ui-e-bottom\"><\/div>                                                    <\/div>\n                    <\/article>\n                <\/div>\n\n                            <\/div>\n            <nav aria-label=\"Posts navigation\" class=\"uicore-pagination\">\n                <ul>\n                                            <li class=\"uicore-page-item uicore-active\">\n                            <span aria-current=\"page\" class=\"uicore-page-link current\">1<\/span>                        <\/li>\n                                            <li class=\"uicore-page-item\">\n                            <a class=\"uicore-page-link\" href=\"https:\/\/www.workflow.at\/en\/wp-json\/wp\/v2\/pages\/25982701\/page\/2\/\">2<\/a>                        <\/li>\n                                            <li class=\"uicore-page-item\">\n                            <a class=\"uicore-page-link\" href=\"https:\/\/www.workflow.at\/en\/wp-json\/wp\/v2\/pages\/25982701\/page\/3\/\">3<\/a>                        <\/li>\n                                            <li class=\"uicore-page-item\">\n                            <span class=\"uicore-page-link dots\">&hellip;<\/span>                        <\/li>\n                                            <li class=\"uicore-page-item\">\n                            <a class=\"uicore-page-link\" href=\"https:\/\/www.workflow.at\/en\/wp-json\/wp\/v2\/pages\/25982701\/page\/8\/\">8<\/a>                        <\/li>\n                                            <li class=\"uicore-page-item\">\n                            <a class=\"next uicore-page-link\" href=\"https:\/\/www.workflow.at\/en\/wp-json\/wp\/v2\/pages\/25982701\/page\/2\/\"><\/a>                        <\/li>\n                                    <\/ul>\n            <\/nav>\n        \t\t\t\t<\/div>\n\t\t\t\t<\/div>\n\t\t\t\t<\/div>\n\t\t<div class=\"elementor-element elementor-element-b3ead67 e-con-full e-flex e-con e-child\" data-id=\"b3ead67\" data-element_type=\"container\" data-e-type=\"container\">\n\t\t<div class=\"elementor-element elementor-element-dd7ca3e e-con-full e-flex e-con e-child\" data-id=\"dd7ca3e\" data-element_type=\"container\" data-e-type=\"container\">\n\t\t\t\t<div class=\"elementor-element elementor-element-e0bb0f9 elementor-widget elementor-widget-heading\" data-id=\"e0bb0f9\" data-element_type=\"widget\" data-e-type=\"widget\" data-widget_type=\"heading.default\">\n\t\t\t\t<div class=\"elementor-widget-container\">\n\t\t\t\t\t<h5 class=\"elementor-heading-title elementor-size-default\">Neueste Beitr\u00e4ge<\/h5>\t\t\t\t<\/div>\n\t\t\t\t<\/div>\n\t\t\t\t<div class=\"elementor-element elementor-element-4cf2684 bdt-has-divider--yes elementor-widget elementor-widget-bdt-post-list\" data-id=\"4cf2684\" data-element_type=\"widget\" data-e-type=\"widget\" data-widget_type=\"bdt-post-list.default\">\n\t\t\t\t<div class=\"elementor-widget-container\">\n\t\t\t\t\t\t\t\t<div id=\"bdt-post-list-4cf2684\" class=\"bdt-post-list bdt-post-list-skin-base\">\n\t\t\t\t<div data-bdt-scrollspy=\"cls: bdt-animation-fade; target: > ul > .bdt-post-list-item; delay: 350;\">\n\t\t\t\t\t<ul class=\"bdt-list bdt-list-large bdt-post-list-item list-part bdt-list-divider\">\n\t\t\t\t\t\t\t\t\t\t\t\t\t<li >\n\t\t\t\t\t\t\t\t<div class=\"bdt-post-list-item-inner\">\n\t\t\t\t\t\t\t\t\t<div class=\"bdt-grid bdt-grid-small bdt-flex-middle\" data-bdt-grid>\n\n\t\t\t\t\t\t\t\t\t\t\n\t\t\t\t\t\t\t\t\t\t<div class=\"bdt-post-list-desc bdt-width-expand\">\n\t\t\t\t\t\t\t\t\t\t\t\t\t\t\t\t\t\t\t\t\t\t\t<h4\t\t\t\t\t\t\t\t\t\t\t\t\tclass=\"bdt-post-list-title\">\n\t\t\t\t\t\t\t\t\t\t\t\t\t<a href=\"https:\/\/www.workflow.at\/en\/hr-business-partner-so-schafft-digitalisierung-freiraum-fuer-strategie\/\" class=\"bdt-post-list-link\"\n\t\t\t\t\t\t\t\t\t\t\t\t\t\ttitle=\"HR Business Partner - how digitalisation creates freedom\">\n\t\t\t\t\t\t\t\t\t\t\t\t\t\tHR Business Partner &#8211; so schafft Digitalisierung Freiraum\t\t\t\t\t\t\t\t\t\t\t\t\t<\/a>\n\t\t\t\t\t\t\t\t\t\t\t\t<\/h4>\n\t\t\t\t\t\t\t\t\t\t\t\n\t\t\t\t\t\t\t\t\t\t\t\t\t\t\t\t\t\t\t\t\t<\/div>\n\t\t\t\t\t\t\t\t\t<\/div>\n\t\t\t\t\t\t\t\t<\/div>\n\t\t\t\t\t\t\t<\/li>\n\t\t\t\t\t\t\t\t\t\t\t\t\t<li >\n\t\t\t\t\t\t\t\t<div class=\"bdt-post-list-item-inner\">\n\t\t\t\t\t\t\t\t\t<div class=\"bdt-grid bdt-grid-small bdt-flex-middle\" data-bdt-grid>\n\n\t\t\t\t\t\t\t\t\t\t\n\t\t\t\t\t\t\t\t\t\t<div class=\"bdt-post-list-desc bdt-width-expand\">\n\t\t\t\t\t\t\t\t\t\t\t\t\t\t\t\t\t\t\t\t\t\t\t<h4\t\t\t\t\t\t\t\t\t\t\t\t\tclass=\"bdt-post-list-title\">\n\t\t\t\t\t\t\t\t\t\t\t\t\t<a href=\"https:\/\/www.workflow.at\/en\/on-premise-reisekostenabrechnung-wann-sinnvoll\/\" class=\"bdt-post-list-link\"\n\t\t\t\t\t\t\t\t\t\t\t\t\t\ttitle=\"On-premise travel expense accounting - when does it make sense?\">\n\t\t\t\t\t\t\t\t\t\t\t\t\t\tOn Premise Reisekostenabrechnung &#8211; wann sinnvoll?\t\t\t\t\t\t\t\t\t\t\t\t\t<\/a>\n\t\t\t\t\t\t\t\t\t\t\t\t<\/h4>\n\t\t\t\t\t\t\t\t\t\t\t\n\t\t\t\t\t\t\t\t\t\t\t\t\t\t\t\t\t\t\t\t\t<\/div>\n\t\t\t\t\t\t\t\t\t<\/div>\n\t\t\t\t\t\t\t\t<\/div>\n\t\t\t\t\t\t\t<\/li>\n\t\t\t\t\t\t\t\t\t\t\t\t\t<li >\n\t\t\t\t\t\t\t\t<div class=\"bdt-post-list-item-inner\">\n\t\t\t\t\t\t\t\t\t<div class=\"bdt-grid bdt-grid-small bdt-flex-middle\" data-bdt-grid>\n\n\t\t\t\t\t\t\t\t\t\t\n\t\t\t\t\t\t\t\t\t\t<div class=\"bdt-post-list-desc bdt-width-expand\">\n\t\t\t\t\t\t\t\t\t\t\t\t\t\t\t\t\t\t\t\t\t\t\t<h4\t\t\t\t\t\t\t\t\t\t\t\t\tclass=\"bdt-post-list-title\">\n\t\t\t\t\t\t\t\t\t\t\t\t\t<a href=\"https:\/\/www.workflow.at\/en\/digitale-zeiterfassung-als-unverzichtbarer-bestandteil-moderner-hr-prozesse\/\" class=\"bdt-post-list-link\"\n\t\t\t\t\t\t\t\t\t\t\t\t\t\ttitle=\"Digital time recording as an indispensable HR process\">\n\t\t\t\t\t\t\t\t\t\t\t\t\t\tDigital time recording as an indispensable HR process\t\t\t\t\t\t\t\t\t\t\t\t\t<\/a>\n\t\t\t\t\t\t\t\t\t\t\t\t<\/h4>\n\t\t\t\t\t\t\t\t\t\t\t\n\t\t\t\t\t\t\t\t\t\t\t\t\t\t\t\t\t\t\t\t\t<\/div>\n\t\t\t\t\t\t\t\t\t<\/div>\n\t\t\t\t\t\t\t\t<\/div>\n\t\t\t\t\t\t\t<\/li>\n\t\t\t\t\t\t\t\t\t\t\t\t\t<li >\n\t\t\t\t\t\t\t\t<div class=\"bdt-post-list-item-inner\">\n\t\t\t\t\t\t\t\t\t<div class=\"bdt-grid bdt-grid-small bdt-flex-middle\" data-bdt-grid>\n\n\t\t\t\t\t\t\t\t\t\t\n\t\t\t\t\t\t\t\t\t\t<div class=\"bdt-post-list-desc bdt-width-expand\">\n\t\t\t\t\t\t\t\t\t\t\t\t\t\t\t\t\t\t\t\t\t\t\t<h4\t\t\t\t\t\t\t\t\t\t\t\t\tclass=\"bdt-post-list-title\">\n\t\t\t\t\t\t\t\t\t\t\t\t\t<a href=\"https:\/\/www.workflow.at\/en\/interkulturelles-personalmanagement\/\" class=\"bdt-post-list-link\"\n\t\t\t\t\t\t\t\t\t\t\t\t\t\ttitle=\"Intercultural personnel management\">\n\t\t\t\t\t\t\t\t\t\t\t\t\t\tIntercultural personnel management\t\t\t\t\t\t\t\t\t\t\t\t\t<\/a>\n\t\t\t\t\t\t\t\t\t\t\t\t<\/h4>\n\t\t\t\t\t\t\t\t\t\t\t\n\t\t\t\t\t\t\t\t\t\t\t\t\t\t\t\t\t\t\t\t\t<\/div>\n\t\t\t\t\t\t\t\t\t<\/div>\n\t\t\t\t\t\t\t\t<\/div>\n\t\t\t\t\t\t\t<\/li>\n\t\t\t\t\t\t\t\t\t\t\t\t\t<li >\n\t\t\t\t\t\t\t\t<div class=\"bdt-post-list-item-inner\">\n\t\t\t\t\t\t\t\t\t<div class=\"bdt-grid bdt-grid-small bdt-flex-middle\" data-bdt-grid>\n\n\t\t\t\t\t\t\t\t\t\t\n\t\t\t\t\t\t\t\t\t\t<div class=\"bdt-post-list-desc bdt-width-expand\">\n\t\t\t\t\t\t\t\t\t\t\t\t\t\t\t\t\t\t\t\t\t\t\t<h4\t\t\t\t\t\t\t\t\t\t\t\t\tclass=\"bdt-post-list-title\">\n\t\t\t\t\t\t\t\t\t\t\t\t\t<a href=\"https:\/\/www.workflow.at\/en\/gesundheitspraevention-und-stressmanagement-bei-bildschirmarbeit-effektive-massnahmen-fuer-ihr-unternehmen\/\" class=\"bdt-post-list-link\"\n\t\t\t\t\t\t\t\t\t\t\t\t\t\ttitle=\"Health prevention and stress management for VDU work: effective measures for your company\">\n\t\t\t\t\t\t\t\t\t\t\t\t\t\tHealth prevention and stress management for VDU work: effective measures for your company\t\t\t\t\t\t\t\t\t\t\t\t\t<\/a>\n\t\t\t\t\t\t\t\t\t\t\t\t<\/h4>\n\t\t\t\t\t\t\t\t\t\t\t\n\t\t\t\t\t\t\t\t\t\t\t\t\t\t\t\t\t\t\t\t\t<\/div>\n\t\t\t\t\t\t\t\t\t<\/div>\n\t\t\t\t\t\t\t\t<\/div>\n\t\t\t\t\t\t\t<\/li>\n\t\t\t\t\t\t\t\t\t\t\t\t\t<li >\n\t\t\t\t\t\t\t\t<div class=\"bdt-post-list-item-inner\">\n\t\t\t\t\t\t\t\t\t<div class=\"bdt-grid bdt-grid-small bdt-flex-middle\" data-bdt-grid>\n\n\t\t\t\t\t\t\t\t\t\t\n\t\t\t\t\t\t\t\t\t\t<div class=\"bdt-post-list-desc bdt-width-expand\">\n\t\t\t\t\t\t\t\t\t\t\t\t\t\t\t\t\t\t\t\t\t\t\t<h4\t\t\t\t\t\t\t\t\t\t\t\t\tclass=\"bdt-post-list-title\">\n\t\t\t\t\t\t\t\t\t\t\t\t\t<a href=\"https:\/\/www.workflow.at\/en\/aenderungen-in-der-feiertagsarbeitsverguetung\/\" class=\"bdt-post-list-link\"\n\t\t\t\t\t\t\t\t\t\t\t\t\t\ttitle=\"Changes to public holiday pay\">\n\t\t\t\t\t\t\t\t\t\t\t\t\t\tChanges to public holiday pay\t\t\t\t\t\t\t\t\t\t\t\t\t<\/a>\n\t\t\t\t\t\t\t\t\t\t\t\t<\/h4>\n\t\t\t\t\t\t\t\t\t\t\t\n\t\t\t\t\t\t\t\t\t\t\t\t\t\t\t\t\t\t\t\t\t<\/div>\n\t\t\t\t\t\t\t\t\t<\/div>\n\t\t\t\t\t\t\t\t<\/div>\n\t\t\t\t\t\t\t<\/li>\n\t\t\t\t\t\t\t\t\t\t\t\t\t\t\t\t\t<\/ul>\n\t\t\t\t<\/div>\n\t\t\t<\/div>\n\n\t\t\t\t\t\t\t<\/div>\n\t\t\t\t<\/div>\n\t\t\t\t<\/div>\n\t\t\t\t<div class=\"elementor-element elementor-element-8d98b0f elementor-widget-divider--view-line elementor-widget elementor-widget-divider\" data-id=\"8d98b0f\" data-element_type=\"widget\" data-e-type=\"widget\" data-widget_type=\"divider.default\">\n\t\t\t\t<div class=\"elementor-widget-container\">\n\t\t\t\t\t\t\t<div class=\"elementor-divider\">\n\t\t\t<span class=\"elementor-divider-separator\">\n\t\t\t\t\t\t<\/span>\n\t\t<\/div>\n\t\t\t\t\t\t<\/div>\n\t\t\t\t<\/div>\n\t\t<div class=\"elementor-element elementor-element-684132c e-con-full e-flex e-con e-child\" data-id=\"684132c\" data-element_type=\"container\" data-e-type=\"container\">\n\t\t\t\t<div class=\"elementor-element elementor-element-76635a3 elementor-widget elementor-widget-heading\" data-id=\"76635a3\" data-element_type=\"widget\" data-e-type=\"widget\" data-widget_type=\"heading.default\">\n\t\t\t\t<div class=\"elementor-widget-container\">\n\t\t\t\t\t<h5 class=\"elementor-heading-title elementor-size-default\">You can find us here<\/h5>\t\t\t\t<\/div>\n\t\t\t\t<\/div>\n\t\t\t\t<div class=\"elementor-element elementor-element-5b4f8b5 elementor-widget elementor-widget-text-editor\" data-id=\"5b4f8b5\" data-element_type=\"widget\" data-e-type=\"widget\" data-widget_type=\"text-editor.default\">\n\t\t\t\t<div class=\"elementor-widget-container\">\n\t\t\t\t\t\t\t\t\t<p>Wagenseilgasse 14<br \/>A-1120 Vienna<br \/>Phone +43 (0)1 7188842<br \/>E-Mail office@workflow.at<\/p>\t\t\t\t\t\t\t\t<\/div>\n\t\t\t\t<\/div>\n\t\t\t\t<\/div>\n\t\t\t\t<\/div>\n\t\t\t\t\t<\/div>\n\t\t\t\t<\/div>\n\t\t\t\t<div class=\"elementor-section elementor-top-section elementor-element elementor-element-6a00519 elementor-section-boxed elementor-section-height-default elementor-section-height-default\" data-id=\"6a00519\" data-element_type=\"section\" data-e-type=\"section\">\n\t\t\t\t\t\t<div class=\"elementor-container elementor-column-gap-default\">\n\t\t\t\t\t<div class=\"elementor-column elementor-col-100 elementor-top-column elementor-element elementor-element-fff1e0a\" data-id=\"fff1e0a\" data-element_type=\"column\" data-e-type=\"column\">\n\t\t\t<div class=\"elementor-widget-wrap elementor-element-populated\">\n\t\t\t\t\t\t<section class=\"elementor-section elementor-inner-section elementor-element elementor-element-04abe32 elementor-section-boxed elementor-section-height-default elementor-section-height-default\" data-id=\"04abe32\" data-element_type=\"section\" data-e-type=\"section\" data-settings=\"{&quot;background_background&quot;:&quot;classic&quot;}\">\n\t\t\t\t\t\t<div class=\"elementor-container elementor-column-gap-default\">\n\t\t\t\t\t<div class=\"elementor-column elementor-col-50 elementor-inner-column elementor-element elementor-element-dd66c84\" data-id=\"dd66c84\" data-element_type=\"column\" data-e-type=\"column\" data-settings=\"{&quot;background_background&quot;:&quot;classic&quot;}\">\n\t\t\t<div class=\"elementor-widget-wrap elementor-element-populated\">\n\t\t\t\t\t\t<div class=\"elementor-element elementor-element-39295fc elementor-widget elementor-widget-heading\" data-id=\"39295fc\" data-element_type=\"widget\" data-e-type=\"widget\" data-settings=\"{&quot;_animation&quot;:&quot;none&quot;,&quot;_animation_delay&quot;:&quot;160&quot;}\" data-widget_type=\"heading.default\">\n\t\t\t\t<div class=\"elementor-widget-container\">\n\t\t\t\t\t<h2 class=\"elementor-heading-title elementor-size-default\">Sie m\u00f6chten mehr \u00fcber unsere HR-L\u00f6sungen erfahren?<\/h2>\t\t\t\t<\/div>\n\t\t\t\t<\/div>\n\t\t\t\t<div class=\"elementor-element elementor-element-44a9494 elementor-widget elementor-widget-button\" data-id=\"44a9494\" data-element_type=\"widget\" data-e-type=\"widget\" data-widget_type=\"button.default\">\n\t\t\t\t<div class=\"elementor-widget-container\">\n\t\t\t\t\t\t\t\t\t<div class=\"elementor-button-wrapper\">\n\t\t\t\t\t<a class=\"elementor-button elementor-button-link elementor-size-sm\" href=\"https:\/\/www.workflow.at\/en\/beratung\/\">\n\t\t\t\t\t\t<span class=\"elementor-button-content-wrapper\">\n\t\t\t\t\t\t\t\t\t<span class=\"elementor-button-text\">Free consultation<\/span>\n\t\t\t\t\t<\/span>\n\t\t\t\t\t<\/a>\n\t\t\t\t<\/div>\n\t\t\t\t\t\t\t\t<\/div>\n\t\t\t\t<\/div>\n\t\t\t\t\t<\/div>\n\t\t<\/div>\n\t\t\t\t<div class=\"elementor-column elementor-col-50 elementor-inner-column elementor-element elementor-element-abfee1a\" data-id=\"abfee1a\" data-element_type=\"column\" data-e-type=\"column\" data-settings=\"{&quot;animation&quot;:&quot;none&quot;,&quot;animation_delay&quot;:&quot;400&quot;,&quot;animation_mobile&quot;:&quot;none&quot;,&quot;background_background&quot;:&quot;classic&quot;}\">\n\t\t\t<div class=\"elementor-widget-wrap elementor-element-populated\">\n\t\t\t\t<div class=\"elementor-element elementor-element-4b91fd4 e-flex e-con-boxed e-con e-parent\" data-id=\"4b91fd4\" data-element_type=\"container\" data-e-type=\"container\">\n\t\t\t\t\t<div class=\"e-con-inner\">\n\t\t\t\t\t<\/div>\n\t\t\t\t<\/div>\n\t\t\t\t\t<\/div>\n\t\t<\/div>\n\t\t\t\t\t<\/div>\n\t\t<\/section>\n\t\t\t\t\t<\/div>\n\t\t<\/div>\n\t\t\t\t\t<\/div>\n\t\t<\/div>\n\t\t\t\t<\/div>","protected":false},"excerpt":{"rendered":"<p>Aktuelles Filter All Allgemein Events Jobs Offene Stellen Reisekosten Zeiterfassung All Allgemein Events Jobs Offene Stellen Reisekosten Zeiterfassung HR Business Partner &#8211; [&hellip;]<\/p>","protected":false},"author":2,"featured_media":0,"parent":0,"menu_order":0,"comment_status":"closed","ping_status":"closed","template":"","meta":{"content-type":"","footnotes":""},"class_list":["post-25982701","page","type-page","status-publish","hentry"],"yoast_head":"<!-- This site is optimized with the Yoast SEO plugin v26.9 - https:\/\/yoast.com\/product\/yoast-seo-wordpress\/ -->\n<title>Workflow: Ihr HR-Software Experte f\u00fcr individuelle L\u00f6sungen<\/title>\n<meta name=\"description\" content=\"Vereinfachen Sie den Arbeitsalltag von F\u00fchrungskr\u00e4ften &amp; Teams mit der HR-L\u00f6sung, die wirklich zu Ihnen passt. On premise oder standardisiert aus der Cloud.\" \/>\n<meta name=\"robots\" content=\"index, follow, max-snippet:-1, max-image-preview:large, max-video-preview:-1\" \/>\n<link rel=\"canonical\" href=\"https:\/\/www.workflow.at\/en\/aktuelles\/\" \/>\n<meta property=\"og:locale\" content=\"en_GB\" \/>\n<meta property=\"og:type\" content=\"article\" \/>\n<meta property=\"og:title\" content=\"Workflow: Ihr HR-Software Experte f\u00fcr individuelle L\u00f6sungen\" \/>\n<meta property=\"og:description\" content=\"Vereinfachen Sie den Arbeitsalltag von F\u00fchrungskr\u00e4ften &amp; Teams mit der HR-L\u00f6sung, die wirklich zu Ihnen passt. On premise oder standardisiert aus der Cloud.\" \/>\n<meta property=\"og:url\" content=\"https:\/\/www.workflow.at\/en\/aktuelles\/\" \/>\n<meta property=\"og:site_name\" content=\"Workflow HR Systems GmbH\" \/>\n<meta property=\"article:modified_time\" content=\"2025-10-28T08:17:06+00:00\" \/>\n<meta name=\"twitter:card\" content=\"summary_large_image\" \/>\n<meta name=\"twitter:image\" content=\"https:\/\/www.workflow.at\/wp-content\/uploads\/2025\/04\/Workflow_Zeiterfassung_Bild-1-300x225.png\" \/>\n<meta name=\"twitter:label1\" content=\"Estimated reading time\" \/>\n\t<meta name=\"twitter:data1\" content=\"7 minutes\" \/>\n<script type=\"application\/ld+json\" class=\"yoast-schema-graph\">{\"@context\":\"https:\/\/schema.org\",\"@graph\":[{\"@type\":\"WebPage\",\"@id\":\"https:\/\/www.workflow.at\/aktuelles\/\",\"url\":\"https:\/\/www.workflow.at\/aktuelles\/\",\"name\":\"Workflow: Ihr HR-Software Experte f\u00fcr individuelle L\u00f6sungen\",\"isPartOf\":{\"@id\":\"https:\/\/www.workflow.at\/#website\"},\"primaryImageOfPage\":{\"@id\":\"https:\/\/www.workflow.at\/aktuelles\/#primaryimage\"},\"image\":{\"@id\":\"https:\/\/www.workflow.at\/aktuelles\/#primaryimage\"},\"thumbnailUrl\":\"https:\/\/www.workflow.at\/wp-content\/uploads\/2025\/04\/Workflow_Zeiterfassung_Bild-1-300x225.png\",\"datePublished\":\"2025-03-04T07:52:32+00:00\",\"dateModified\":\"2025-10-28T08:17:06+00:00\",\"description\":\"Vereinfachen Sie den Arbeitsalltag von F\u00fchrungskr\u00e4ften & Teams mit der HR-L\u00f6sung, die wirklich zu Ihnen passt. On premise oder standardisiert aus der Cloud.\",\"breadcrumb\":{\"@id\":\"https:\/\/www.workflow.at\/aktuelles\/#breadcrumb\"},\"inLanguage\":\"en-GB\",\"potentialAction\":[{\"@type\":\"ReadAction\",\"target\":[\"https:\/\/www.workflow.at\/aktuelles\/\"]}]},{\"@type\":\"ImageObject\",\"inLanguage\":\"en-GB\",\"@id\":\"https:\/\/www.workflow.at\/aktuelles\/#primaryimage\",\"url\":\"https:\/\/www.workflow.at\/wp-content\/uploads\/2025\/04\/Workflow_Zeiterfassung_Bild-1-300x225.png\",\"contentUrl\":\"https:\/\/www.workflow.at\/wp-content\/uploads\/2025\/04\/Workflow_Zeiterfassung_Bild-1-300x225.png\"},{\"@type\":\"BreadcrumbList\",\"@id\":\"https:\/\/www.workflow.at\/aktuelles\/#breadcrumb\",\"itemListElement\":[{\"@type\":\"ListItem\",\"position\":1,\"name\":\"Startseite\",\"item\":\"https:\/\/www.workflow.at\/\"},{\"@type\":\"ListItem\",\"position\":2,\"name\":\"Aktuelles\"}]},{\"@type\":\"WebSite\",\"@id\":\"https:\/\/www.workflow.at\/#website\",\"url\":\"https:\/\/www.workflow.at\/\",\"name\":\"Workflow HR Systems GmbH\",\"description\":\"Simplify your HR\",\"potentialAction\":[{\"@type\":\"SearchAction\",\"target\":{\"@type\":\"EntryPoint\",\"urlTemplate\":\"https:\/\/www.workflow.at\/?s={search_term_string}\"},\"query-input\":{\"@type\":\"PropertyValueSpecification\",\"valueRequired\":true,\"valueName\":\"search_term_string\"}}],\"inLanguage\":\"en-GB\"}]}<\/script>\n<!-- \/ Yoast SEO plugin. -->","yoast_head_json":{"title":"Workflow: Your HR software expert for customised solutions","description":"Simplify the day-to-day work of managers and teams with the HR solution that really suits you. On premise or standardised from the cloud.","robots":{"index":"index","follow":"follow","max-snippet":"max-snippet:-1","max-image-preview":"max-image-preview:large","max-video-preview":"max-video-preview:-1"},"canonical":"https:\/\/www.workflow.at\/en\/aktuelles\/","og_locale":"en_GB","og_type":"article","og_title":"Workflow: Ihr HR-Software Experte f\u00fcr individuelle L\u00f6sungen","og_description":"Vereinfachen Sie den Arbeitsalltag von F\u00fchrungskr\u00e4ften & Teams mit der HR-L\u00f6sung, die wirklich zu Ihnen passt. On premise oder standardisiert aus der Cloud.","og_url":"https:\/\/www.workflow.at\/en\/aktuelles\/","og_site_name":"Workflow HR Systems GmbH","article_modified_time":"2025-10-28T08:17:06+00:00","twitter_card":"summary_large_image","twitter_image":"https:\/\/www.workflow.at\/wp-content\/uploads\/2025\/04\/Workflow_Zeiterfassung_Bild-1-300x225.png","twitter_misc":{"Estimated reading time":"7 minutes"},"schema":{"@context":"https:\/\/schema.org","@graph":[{"@type":"WebPage","@id":"https:\/\/www.workflow.at\/aktuelles\/","url":"https:\/\/www.workflow.at\/aktuelles\/","name":"Workflow: Your HR software expert for customised solutions","isPartOf":{"@id":"https:\/\/www.workflow.at\/#website"},"primaryImageOfPage":{"@id":"https:\/\/www.workflow.at\/aktuelles\/#primaryimage"},"image":{"@id":"https:\/\/www.workflow.at\/aktuelles\/#primaryimage"},"thumbnailUrl":"https:\/\/www.workflow.at\/wp-content\/uploads\/2025\/04\/Workflow_Zeiterfassung_Bild-1-300x225.png","datePublished":"2025-03-04T07:52:32+00:00","dateModified":"2025-10-28T08:17:06+00:00","description":"Simplify the day-to-day work of managers and teams with the HR solution that really suits you. On premise or standardised from the cloud.","breadcrumb":{"@id":"https:\/\/www.workflow.at\/aktuelles\/#breadcrumb"},"inLanguage":"en-GB","potentialAction":[{"@type":"ReadAction","target":["https:\/\/www.workflow.at\/aktuelles\/"]}]},{"@type":"ImageObject","inLanguage":"en-GB","@id":"https:\/\/www.workflow.at\/aktuelles\/#primaryimage","url":"https:\/\/www.workflow.at\/wp-content\/uploads\/2025\/04\/Workflow_Zeiterfassung_Bild-1-300x225.png","contentUrl":"https:\/\/www.workflow.at\/wp-content\/uploads\/2025\/04\/Workflow_Zeiterfassung_Bild-1-300x225.png"},{"@type":"BreadcrumbList","@id":"https:\/\/www.workflow.at\/aktuelles\/#breadcrumb","itemListElement":[{"@type":"ListItem","position":1,"name":"Startseite","item":"https:\/\/www.workflow.at\/"},{"@type":"ListItem","position":2,"name":"Aktuelles"}]},{"@type":"WebSite","@id":"https:\/\/www.workflow.at\/#website","url":"https:\/\/www.workflow.at\/","name":"Workflow HR Systems GmbH","description":"Simplify your HR","potentialAction":[{"@type":"SearchAction","target":{"@type":"EntryPoint","urlTemplate":"https:\/\/www.workflow.at\/?s={search_term_string}"},"query-input":{"@type":"PropertyValueSpecification","valueRequired":true,"valueName":"search_term_string"}}],"inLanguage":"en-GB"}]}},"_links":{"self":[{"href":"https:\/\/www.workflow.at\/en\/wp-json\/wp\/v2\/pages\/25982701","targetHints":{"allow":["GET"]}}],"collection":[{"href":"https:\/\/www.workflow.at\/en\/wp-json\/wp\/v2\/pages"}],"about":[{"href":"https:\/\/www.workflow.at\/en\/wp-json\/wp\/v2\/types\/page"}],"author":[{"embeddable":true,"href":"https:\/\/www.workflow.at\/en\/wp-json\/wp\/v2\/users\/2"}],"replies":[{"embeddable":true,"href":"https:\/\/www.workflow.at\/en\/wp-json\/wp\/v2\/comments?post=25982701"}],"version-history":[{"count":40,"href":"https:\/\/www.workflow.at\/en\/wp-json\/wp\/v2\/pages\/25982701\/revisions"}],"predecessor-version":[{"id":25984200,"href":"https:\/\/www.workflow.at\/en\/wp-json\/wp\/v2\/pages\/25982701\/revisions\/25984200"}],"wp:attachment":[{"href":"https:\/\/www.workflow.at\/en\/wp-json\/wp\/v2\/media?parent=25982701"}],"curies":[{"name":"wp","href":"https:\/\/api.w.org\/{rel}","templated":true}]}}